{"id":11577,"date":"2025-10-06T20:31:27","date_gmt":"2025-10-06T17:31:27","guid":{"rendered":"https:\/\/civicspace.eu\/?page_id=11577"},"modified":"2025-10-30T08:45:30","modified_gmt":"2025-10-30T06:45:30","slug":"civicon","status":"publish","type":"page","link":"https:\/\/civicspace.eu\/en\/civicon\/","title":{"rendered":"CiviCon"},"content":{"rendered":"<div data-elementor-type=\"wp-page\" data-elementor-id=\"11577\" class=\"elementor elementor-11577\" data-elementor-settings=\"{&quot;ha_cmc_init_switcher&quot;:&quot;no&quot;}\">\n\t\t\t\t\t\t<section class=\"elementor-section elementor-top-section elementor-element elementor-element-d22d78b elementor-section-stretched elementor-section-full_width elementor-section-height-min-height elementor-section-items-stretch hero_section elementor-section-height-default\" data-id=\"d22d78b\" data-element_type=\"section\" data-e-type=\"section\" data-settings=\"{&quot;stretch_section&quot;:&quot;section-stretched&quot;,&quot;background_background&quot;:&quot;classic&quot;,&quot;_ha_eqh_enable&quot;:false}\">\n\t\t\t\t\t\t<div class=\"elementor-container elementor-column-gap-no\">\n\t\t\t\t\t<div class=\"elementor-column elementor-col-50 elementor-top-column elementor-element elementor-element-2ed9da13 elementor-invisible\" data-id=\"2ed9da13\" data-element_type=\"column\" data-e-type=\"column\" data-settings=\"{&quot;background_background&quot;:&quot;classic&quot;,&quot;animation&quot;:&quot;fadeInLeft&quot;}\">\n\t\t\t<div class=\"elementor-widget-wrap elementor-element-populated\">\n\t\t\t\t\t\t<div class=\"elementor-element elementor-element-1a9154a elementor-widget elementor-widget-image\" data-id=\"1a9154a\" data-element_type=\"widget\" data-e-type=\"widget\" data-widget_type=\"image.default\">\n\t\t\t\t<div class=\"elementor-widget-container\">\n\t\t\t\t\t\t\t\t\t\t\t\t\t\t\t<img fetchpriority=\"high\" decoding=\"async\" width=\"503\" height=\"200\" src=\"https:\/\/civicspace.eu\/wp-content\/uploads\/2025\/10\/civico_3.png\" class=\"attachment-medium_large size-medium_large wp-image-11614\" alt=\"\" srcset=\"https:\/\/civicspace.eu\/wp-content\/uploads\/2025\/10\/civico_3.png 503w, https:\/\/civicspace.eu\/wp-content\/uploads\/2025\/10\/civico_3-300x119.png 300w, https:\/\/civicspace.eu\/wp-content\/uploads\/2025\/10\/civico_3-18x7.png 18w\" sizes=\"(max-width: 503px) 100vw, 503px\" \/>\t\t\t\t\t\t\t\t\t\t\t\t\t\t\t<\/div>\n\t\t\t\t<\/div>\n\t\t\t\t\t<\/div>\n\t\t<\/div>\n\t\t\t\t<div class=\"elementor-column elementor-col-50 elementor-top-column elementor-element elementor-element-7604fe98 elementor-hidden-mobile elementor-hidden-tablet\" data-id=\"7604fe98\" data-element_type=\"column\" data-e-type=\"column\" data-settings=\"{&quot;background_background&quot;:&quot;classic&quot;}\">\n\t\t\t<div class=\"elementor-widget-wrap\">\n\t\t\t\t\t\t\t<\/div>\n\t\t<\/div>\n\t\t\t\t\t<\/div>\n\t\t<\/section>\n\t\t<div class=\"elementor-element elementor-element-5c078d0 e-con-full e-flex e-con e-parent\" data-id=\"5c078d0\" data-element_type=\"container\" data-e-type=\"container\" data-settings=\"{&quot;_ha_eqh_enable&quot;:false}\">\n\t\t\t\t<div class=\"elementor-element elementor-element-4ee72b9 elementor-widget elementor-widget-eael-cta-box\" data-id=\"4ee72b9\" data-element_type=\"widget\" data-e-type=\"widget\" data-widget_type=\"eael-cta-box.default\">\n\t\t\t\t<div class=\"elementor-widget-container\">\n\t\t\t\t\t\t\t\t\t<div class=\"eael-call-to-action cta-icon-flex bg-lite cta-preset-1\">\n\t    <div class=\"icon\">\n\t\t\t\t\t\t\t<i class=\"fas fa-bullhorn\"><\/i>\t    <\/div>\n\t    <div class=\"content\">\n            <h4 class=\"sub-title\">31 October - 1 November 2025 | Nicosia \/ Lefko\u015fa<\/h4><p class=\"translation-block\">CiviCon 2025 is more than a conference; it\u2019s a commons where we reimagine civic space together through panels, discussions, workshops, and networking opportunities.<\/p>\t    <\/div>\n\t    <div class=\"action\">\n            <a href=\"https:\/\/forms.gle\/48cdZ8VccsetTHCF9\" target=\"_blank\" class=\"cta-button cta-preset-1  effect-1\">Register<\/a>\t    <\/div>\n\t<\/div>\n\t\t\t\t\t\t<\/div>\n\t\t\t\t<\/div>\n\t\t\t\t<\/div>\n\t\t<div class=\"elementor-element elementor-element-9585bb7 e-flex e-con-boxed e-con e-parent\" data-id=\"9585bb7\" data-element_type=\"container\" data-e-type=\"container\" data-settings=\"{&quot;_ha_eqh_enable&quot;:false}\">\n\t\t\t\t\t<div class=\"e-con-inner\">\n\t\t\t\t<div class=\"elementor-element elementor-element-94708c1 elementor-invisible elementor-widget elementor-widget-heading\" data-id=\"94708c1\" data-element_type=\"widget\" data-e-type=\"widget\" data-settings=\"{&quot;_animation&quot;:&quot;fadeIn&quot;}\" data-widget_type=\"heading.default\">\n\t\t\t\t<div class=\"elementor-widget-container\">\n\t\t\t\t\t<h2 class=\"elementor-heading-title elementor-size-default\">CiviCon: Towards a Critical Reconceptualisation of Civic Space<\/h2>\t\t\t\t<\/div>\n\t\t\t\t<\/div>\n\t\t\t\t<div class=\"elementor-element elementor-element-8655f76 elementor-widget-divider--separator-type-pattern elementor-widget-divider--no-spacing elementor-widget-divider--view-line elementor-widget elementor-widget-divider\" data-id=\"8655f76\" data-element_type=\"widget\" data-e-type=\"widget\" data-widget_type=\"divider.default\">\n\t\t\t\t<div class=\"elementor-widget-container\">\n\t\t\t\t\t\t\t<div class=\"elementor-divider\" style=\"--divider-pattern-url: url(&quot;data:image\/svg+xml,%3Csvg xmlns=&#039;http:\/\/www.w3.org\/2000\/svg&#039; preserveAspectRatio=&#039;xMidYMid meet&#039; overflow=&#039;visible&#039; height=&#039;100%&#039; viewBox=&#039;0 0 126 26&#039; fill=&#039;black&#039; stroke=&#039;none&#039;%3E%3Cpath d=&#039;M3,10.2c2.6,0,2.6,2,2.6,3.2S4.4,16.5,3,16.5s-3-1.4-3-3.2S0.4,10.2,3,10.2z M18.8,10.2c1.7,0,3.2,1.4,3.2,3.2s-1.4,3.2-3.2,3.2c-1.7,0-3.2-1.4-3.2-3.2S17,10.2,18.8,10.2z M34.6,10.2c1.5,0,2.6,1.4,2.6,3.2s-0.5,3.2-1.9,3.2c-1.5,0-3.4-1.4-3.4-3.2S33.1,10.2,34.6,10.2z M50.5,10.2c1.7,0,3.2,1.4,3.2,3.2s-1.4,3.2-3.2,3.2c-1.7,0-3.3-0.9-3.3-2.6S48.7,10.2,50.5,10.2z M66.2,10.2c1.5,0,3.4,1.4,3.4,3.2s-1.9,3.2-3.4,3.2c-1.5,0-2.6-0.4-2.6-2.1S64.8,10.2,66.2,10.2z M82.2,10.2c1.7,0.8,2.6,1.4,2.6,3.2s-0.1,3.2-1.6,3.2c-1.5,0-3.7-1.4-3.7-3.2S80.5,9.4,82.2,10.2zM98.6,10.2c1.5,0,2.6,0.4,2.6,2.1s-1.2,4.2-2.6,4.2c-1.5,0-3.7-0.4-3.7-2.1S97.1,10.2,98.6,10.2z M113.4,10.2c1.2,0,2.2,0.9,2.2,3.2s-0.1,3.2-1.3,3.2s-3.1-1.4-3.1-3.2S112.2,10.2,113.4,10.2z&#039;\/%3E%3C\/svg%3E&quot;);\">\n\t\t\t<span class=\"elementor-divider-separator\">\n\t\t\t\t\t\t<\/span>\n\t\t<\/div>\n\t\t\t\t\t\t<\/div>\n\t\t\t\t<\/div>\n\t\t\t\t\t<\/div>\n\t\t\t\t<\/div>\n\t\t<div class=\"elementor-element elementor-element-921ee74 e-flex e-con-boxed e-con e-parent\" data-id=\"921ee74\" data-element_type=\"container\" data-e-type=\"container\" data-settings=\"{&quot;_ha_eqh_enable&quot;:false}\">\n\t\t\t\t\t<div class=\"e-con-inner\">\n\t\t\t\t<div class=\"elementor-element elementor-element-074c089 elementor-invisible elementor-widget elementor-widget-text-editor\" data-id=\"074c089\" data-element_type=\"widget\" data-e-type=\"widget\" data-settings=\"{&quot;_animation&quot;:&quot;fadeIn&quot;}\" data-widget_type=\"text-editor.default\">\n\t\t\t\t<div class=\"elementor-widget-container\">\n\t\t\t\t\t\t\t\t\t<p class=\"translation-block\">CiviCon 2025 is more than a conference, it\u2019s a commons where we reimagine civic space together through panels, discussions, workshops, and networking opportunities. Organised by Civic Space, funded by the EU Aid Programme for the Turkish Cypriot community, CiviCon brings together civil society actors, activists, academics, artists, and policymakers from Cyprus and beyond.<\/p><p><span style=\"font-weight: 400;\">\u00a0<\/span><\/p><h4><span style=\"font-weight: 400;\">What to Expect<\/span><\/h4><p><span style=\"font-weight: 400;\">Over two days, participants will gather in inspiring venues across Nicosia\u2019s Walled City, with the historic Bedestan at the heart of the CiviCon 2025:<\/span><\/p><p><span style=\"font-weight: 400;\">\u00a0<\/span><\/p><ul><li><span style=\"font-weight: 400;\">To share knowledge and experiences through thought-provoking presentations, discussions, and interactive workshops with academics, civil society actors and experts from Cyprus and abroad who have been shaping conversations on civic space, truth, coexistence, illiberal movements, and the ways we resist them.<\/span><\/li><li><span style=\"font-weight: 400;\">To dive into the urgent themes of CiviCon 2025 which include Commoning, Reclaiming Truth, and Democratic Backsliding &amp; Alternative Modes of Resistance.<\/span><\/li><li><span style=\"font-weight: 400;\">To share and connect visions of democracy, truth &amp; commons, and to rethink solidarity in Cyprus and beyond.<\/span><\/li><li><span style=\"font-weight: 400;\">To connect with diverse civil society organisations through their booths and discover their work, stories, and impact.\u00a0<\/span><\/li><\/ul><p><span style=\"font-weight: 400;\">\u00a0<\/span><\/p><h4><span style=\"font-weight: 400;\">International Experts &amp; Live Streaming<\/span><\/h4><p><span style=\"font-weight: 400;\">CiviCon 2025 will host world-renowned experts, featuring two keynotes, three panel discussions, and 10+ thematic sessions led by civil society organisations and practitioners from Cyprus and abroad. Key sessions will be live-streamed.<\/span><\/p><p><span style=\"font-weight: 400;\">\u00a0<\/span><\/p><h4><span style=\"font-weight: 400;\">Registration<\/span><\/h4><p><span style=\"font-weight: 400;\">You can register through the link below to join the event and the thematic workshops:<\/span><\/p><p><a href=\"https:\/\/forms.gle\/48cdZ8VccsetTHCF9\" target=\"_blank\" rel=\"noopener\"><span style=\"font-weight: 400;\">https:\/\/forms.gle\/48cdZ8VccsetTHCF9<\/span><\/a><\/p>\t\t\t\t\t\t\t\t<\/div>\n\t\t\t\t<\/div>\n\t\t\t\t\t<\/div>\n\t\t\t\t<\/div>\n\t\t<div class=\"elementor-element elementor-element-0657a26 e-flex e-con-boxed elementor-invisible e-con e-parent\" data-id=\"0657a26\" data-element_type=\"container\" data-e-type=\"container\" data-settings=\"{&quot;animation&quot;:&quot;fadeInUp&quot;,&quot;_ha_eqh_enable&quot;:false}\">\n\t\t\t\t\t<div class=\"e-con-inner\">\n\t\t\t\t<div class=\"elementor-element elementor-element-11679c5 elementor-widget elementor-widget-heading\" data-id=\"11679c5\" data-element_type=\"widget\" data-e-type=\"widget\" data-widget_type=\"heading.default\">\n\t\t\t\t<div class=\"elementor-widget-container\">\n\t\t\t\t\t<h3 class=\"elementor-heading-title elementor-size-default\">Frequently Asked Questions<\/h3>\t\t\t\t<\/div>\n\t\t\t\t<\/div>\n\t\t\t\t<div class=\"elementor-element elementor-element-af9f917 elementor-widget-divider--separator-type-pattern elementor-widget-divider--no-spacing elementor-widget-divider--view-line elementor-widget elementor-widget-divider\" data-id=\"af9f917\" data-element_type=\"widget\" data-e-type=\"widget\" data-widget_type=\"divider.default\">\n\t\t\t\t<div class=\"elementor-widget-container\">\n\t\t\t\t\t\t\t<div class=\"elementor-divider\" style=\"--divider-pattern-url: url(&quot;data:image\/svg+xml,%3Csvg xmlns=&#039;http:\/\/www.w3.org\/2000\/svg&#039; preserveAspectRatio=&#039;xMidYMid meet&#039; overflow=&#039;visible&#039; height=&#039;100%&#039; viewBox=&#039;0 0 126 26&#039; fill=&#039;black&#039; stroke=&#039;none&#039;%3E%3Cpath d=&#039;M3,10.2c2.6,0,2.6,2,2.6,3.2S4.4,16.5,3,16.5s-3-1.4-3-3.2S0.4,10.2,3,10.2z M18.8,10.2c1.7,0,3.2,1.4,3.2,3.2s-1.4,3.2-3.2,3.2c-1.7,0-3.2-1.4-3.2-3.2S17,10.2,18.8,10.2z M34.6,10.2c1.5,0,2.6,1.4,2.6,3.2s-0.5,3.2-1.9,3.2c-1.5,0-3.4-1.4-3.4-3.2S33.1,10.2,34.6,10.2z M50.5,10.2c1.7,0,3.2,1.4,3.2,3.2s-1.4,3.2-3.2,3.2c-1.7,0-3.3-0.9-3.3-2.6S48.7,10.2,50.5,10.2z M66.2,10.2c1.5,0,3.4,1.4,3.4,3.2s-1.9,3.2-3.4,3.2c-1.5,0-2.6-0.4-2.6-2.1S64.8,10.2,66.2,10.2z M82.2,10.2c1.7,0.8,2.6,1.4,2.6,3.2s-0.1,3.2-1.6,3.2c-1.5,0-3.7-1.4-3.7-3.2S80.5,9.4,82.2,10.2zM98.6,10.2c1.5,0,2.6,0.4,2.6,2.1s-1.2,4.2-2.6,4.2c-1.5,0-3.7-0.4-3.7-2.1S97.1,10.2,98.6,10.2z M113.4,10.2c1.2,0,2.2,0.9,2.2,3.2s-0.1,3.2-1.3,3.2s-3.1-1.4-3.1-3.2S112.2,10.2,113.4,10.2z&#039;\/%3E%3C\/svg%3E&quot;);\">\n\t\t\t<span class=\"elementor-divider-separator\">\n\t\t\t\t\t\t<\/span>\n\t\t<\/div>\n\t\t\t\t\t\t<\/div>\n\t\t\t\t<\/div>\n\t\t\t\t<div class=\"elementor-element elementor-element-f6e0ac9 elementor-widget elementor-widget-elementskit-accordion\" data-id=\"f6e0ac9\" data-element_type=\"widget\" data-e-type=\"widget\" data-widget_type=\"elementskit-accordion.default\">\n\t\t\t\t<div class=\"elementor-widget-container\">\n\t\t\t\t\t<div class=\"ekit-wid-con\" >\n        <div class=\"elementskit-accordion accoedion-primary\" id=\"accordion-69f30a66d6f6a\">\n\n            \n                <div class=\"elementskit-card active\">\n                    <div class=\"elementskit-card-header\" id=\"primaryHeading-0-f6e0ac9\">\n                        <a href=\"#collapse-1283e6b69f30a66d6f6a\" class=\"ekit-accordion--toggler elementskit-btn-link collapsed\" data-ekit-toggle=\"collapse\" data-target=\"#Collapse-1283e6b69f30a66d6f6a\" aria-expanded=\"true\" aria-controls=\"Collapse-1283e6b69f30a66d6f6a\">\n                            \n                            <span class=\"ekit-accordion-title\">What is CiviCon? <\/span>\n\n                            \n                                <div class=\"ekit_accordion_icon_group\">\n                                    <div class=\"ekit_accordion_normal_icon\">\n                                        <!-- Normal Icon -->\n\t\t\t\t\t\t\t\t\t\t<i class=\"icon icon-down-arrow1\"><\/i>                                    <\/div>\n\n                                    <div class=\"ekit_accordion_active_icon\">\n                                        <!-- Active Icon -->\n\t\t\t\t\t\t\t\t\t\t<i class=\"icon icon-up-arrow\"><\/i>                                    <\/div>\n                                <\/div>\n\n                            \n                                                    <\/a>\n                    <\/div>\n\n                    <div id=\"Collapse-1283e6b69f30a66d6f6a\" class=\"show collapse\" aria-labelledby=\"primaryHeading-0-f6e0ac9\" data-parent=\"#accordion-69f30a66d6f6a\">\n\n                        <div class=\"elementskit-card-body ekit-accordion--content\">\n                            <p><span style=\"font-weight: 400\">CiviCon is a conference organised by Civic Space, an EU funded Technical Assistance Project. However, in many respects it is not just a conference: it is designed as a place and space for collectively examining, deconstructing, and reimagining narratives around civil society and civic space, particularly in a period marked by global developments such as rising authoritarianism, post-truth politics, illiberal mobilization and democratic backsliding. It serves as both a continuation and a culmination of previous discussions held by Civic Space on topics like civil society, public sphere, activism, shrinking civic space, anti-gender and anti-rights movements.<\/span><\/p>                        <\/div>\n\n                    <\/div>\n\n                <\/div><!-- .elementskit-card END -->\n\n                \n                <div class=\"elementskit-card\">\n                    <div class=\"elementskit-card-header\" id=\"primaryHeading-1-f6e0ac9\">\n                        <a href=\"#collapse-126de6869f30a66d6f6a\" class=\"ekit-accordion--toggler elementskit-btn-link collapsed\" data-ekit-toggle=\"collapse\" data-target=\"#Collapse-126de6869f30a66d6f6a\" aria-expanded=\"false\" aria-controls=\"Collapse-126de6869f30a66d6f6a\">\n                            \n                            <span class=\"ekit-accordion-title\">When and where will CiviCon take place? <\/span>\n\n                            \n                                <div class=\"ekit_accordion_icon_group\">\n                                    <div class=\"ekit_accordion_normal_icon\">\n                                        <!-- Normal Icon -->\n\t\t\t\t\t\t\t\t\t\t<i class=\"icon icon-down-arrow1\"><\/i>                                    <\/div>\n\n                                    <div class=\"ekit_accordion_active_icon\">\n                                        <!-- Active Icon -->\n\t\t\t\t\t\t\t\t\t\t<i class=\"icon icon-up-arrow\"><\/i>                                    <\/div>\n                                <\/div>\n\n                            \n                                                    <\/a>\n                    <\/div>\n\n                    <div id=\"Collapse-126de6869f30a66d6f6a\" class=\"collapse\" aria-labelledby=\"primaryHeading-1-f6e0ac9\" data-parent=\"#accordion-69f30a66d6f6a\">\n\n                        <div class=\"elementskit-card-body ekit-accordion--content\">\n                            <p><span style=\"font-weight: 400\">CiviCon will be held in Nicosia, Cyprus. It will start on the evening of Thursday 30 October 2025 with an opening reception and continue all through the 31st October and 1st November with plenaries and parallel sessions.\u00a0\u00a0<\/span><\/p><p><span style=\"font-weight: 400\">The main CiviCon venue\/centre will be the Bedestan in the heart of old Nicosia. The venues where parallel sessions will be held are also in the old part of Nicosia within walking distance to Bedestan. These venues are: Ledra Palace Hotel, R\u00fcstem Bookstore, Naci Talat Foundation, and Arabahmet Cultural House.<\/span><\/p>                        <\/div>\n\n                    <\/div>\n\n                <\/div><!-- .elementskit-card END -->\n\n                \n                <div class=\"elementskit-card\">\n                    <div class=\"elementskit-card-header\" id=\"primaryHeading-2-f6e0ac9\">\n                        <a href=\"#collapse-6999c8d69f30a66d6f6a\" class=\"ekit-accordion--toggler elementskit-btn-link collapsed\" data-ekit-toggle=\"collapse\" data-target=\"#Collapse-6999c8d69f30a66d6f6a\" aria-expanded=\"false\" aria-controls=\"Collapse-6999c8d69f30a66d6f6a\">\n                            \n                            <span class=\"ekit-accordion-title\">Who is organising CiviCon?<\/span>\n\n                            \n                                <div class=\"ekit_accordion_icon_group\">\n                                    <div class=\"ekit_accordion_normal_icon\">\n                                        <!-- Normal Icon -->\n\t\t\t\t\t\t\t\t\t\t<i class=\"icon icon-down-arrow1\"><\/i>                                    <\/div>\n\n                                    <div class=\"ekit_accordion_active_icon\">\n                                        <!-- Active Icon -->\n\t\t\t\t\t\t\t\t\t\t<i class=\"icon icon-up-arrow\"><\/i>                                    <\/div>\n                                <\/div>\n\n                            \n                                                    <\/a>\n                    <\/div>\n\n                    <div id=\"Collapse-6999c8d69f30a66d6f6a\" class=\"collapse\" aria-labelledby=\"primaryHeading-2-f6e0ac9\" data-parent=\"#accordion-69f30a66d6f6a\">\n\n                        <div class=\"elementskit-card-body ekit-accordion--content\">\n                            <p><span style=\"font-weight: 400\">CiviCon is organised by <\/span><b>Civic Space<\/b><span style=\"font-weight: 400\">. Civic Space is a Technical Assistance Project funded by the European Union under the Aid Programme for the Turkish Cypriot community and implemented in Cyprus. Since 2020, Civic Space has been working to build a stronger civil society that supports democratic changes and confidence-building measures in the Turkish Cypriot community. Its four main objectives include increasing public engagement in civic actions, reinforcing Civil Society Organisations' (CSOs) civic engagement and role in decision-making, promoting a more enabling environment for CSOs in the Turkish Cypriot community, and encouraging stronger links with CSOs in the Greek Cypriot community.<\/span><\/p>                        <\/div>\n\n                    <\/div>\n\n                <\/div><!-- .elementskit-card END -->\n\n                \n                <div class=\"elementskit-card\">\n                    <div class=\"elementskit-card-header\" id=\"primaryHeading-3-f6e0ac9\">\n                        <a href=\"#collapse-933541d69f30a66d6f6a\" class=\"ekit-accordion--toggler elementskit-btn-link collapsed\" data-ekit-toggle=\"collapse\" data-target=\"#Collapse-933541d69f30a66d6f6a\" aria-expanded=\"false\" aria-controls=\"Collapse-933541d69f30a66d6f6a\">\n                            \n                            <span class=\"ekit-accordion-title\">What is CiviCon&#039;s aim and approach?<\/span>\n\n                            \n                                <div class=\"ekit_accordion_icon_group\">\n                                    <div class=\"ekit_accordion_normal_icon\">\n                                        <!-- Normal Icon -->\n\t\t\t\t\t\t\t\t\t\t<i class=\"icon icon-down-arrow1\"><\/i>                                    <\/div>\n\n                                    <div class=\"ekit_accordion_active_icon\">\n                                        <!-- Active Icon -->\n\t\t\t\t\t\t\t\t\t\t<i class=\"icon icon-up-arrow\"><\/i>                                    <\/div>\n                                <\/div>\n\n                            \n                                                    <\/a>\n                    <\/div>\n\n                    <div id=\"Collapse-933541d69f30a66d6f6a\" class=\"collapse\" aria-labelledby=\"primaryHeading-3-f6e0ac9\" data-parent=\"#accordion-69f30a66d6f6a\">\n\n                        <div class=\"elementskit-card-body ekit-accordion--content\">\n                            <p><span style=\"font-weight: 400\">CiviCon aims to explore how to <\/span><b>reimagine common values and resources<\/b><span style=\"font-weight: 400\"> and strengthen solidarity-based civic practices during a time when civic space is shrinking, the concept of truth is eroding, and illiberal movements are gaining strength. It seeks to bring together participants from diverse fields to build bridges between different types of knowledge and to generate new concepts and strategies for <\/span><b>resistance, reconstruction, and \"living together\"<\/b><span style=\"font-weight: 400\">. The approach is <\/span><b>dialogue-based and participatory<\/b><span style=\"font-weight: 400\">, drawing on bell hooks' critical pedagogy (1994) and her reflections on engaged critical thinking (2009) to collectively examine, deconstruct, and reimagine narratives surrounding civil society and civic space. The goal is to develop new conceptual frameworks, revisit existing definitions, and foster translocal networks of solidarity, not just to diagnose democratic backsliding but to critically examine and redefine civil society and civic space as sites of resilience and resistance.<\/span><\/p>                        <\/div>\n\n                    <\/div>\n\n                <\/div><!-- .elementskit-card END -->\n\n                \n                <div class=\"elementskit-card\">\n                    <div class=\"elementskit-card-header\" id=\"primaryHeading-4-f6e0ac9\">\n                        <a href=\"#collapse-9a5b9ac69f30a66d6f6a\" class=\"ekit-accordion--toggler elementskit-btn-link collapsed\" data-ekit-toggle=\"collapse\" data-target=\"#Collapse-9a5b9ac69f30a66d6f6a\" aria-expanded=\"false\" aria-controls=\"Collapse-9a5b9ac69f30a66d6f6a\">\n                            \n                            <span class=\"ekit-accordion-title\">What are the three thematic focal areas of CiviCon? <\/span>\n\n                            \n                                <div class=\"ekit_accordion_icon_group\">\n                                    <div class=\"ekit_accordion_normal_icon\">\n                                        <!-- Normal Icon -->\n\t\t\t\t\t\t\t\t\t\t<i class=\"icon icon-down-arrow1\"><\/i>                                    <\/div>\n\n                                    <div class=\"ekit_accordion_active_icon\">\n                                        <!-- Active Icon -->\n\t\t\t\t\t\t\t\t\t\t<i class=\"icon icon-up-arrow\"><\/i>                                    <\/div>\n                                <\/div>\n\n                            \n                                                    <\/a>\n                    <\/div>\n\n                    <div id=\"Collapse-9a5b9ac69f30a66d6f6a\" class=\"collapse\" aria-labelledby=\"primaryHeading-4-f6e0ac9\" data-parent=\"#accordion-69f30a66d6f6a\">\n\n                        <div class=\"elementskit-card-body ekit-accordion--content\">\n                            <p><span style=\"font-weight: 400\">CiviCon will concentrate on three main focal areas:<\/span><\/p><p><b>Commoning: Redefining the Commons of Civil Society and Civic Space<\/b><\/p><ul><li><span style=\"font-weight: 400\">This focus explores how to rethink, redefine, and reclaim \"commons\" such as values, actors, spaces, methods, and languages to strengthen civil society's capacity to foster democratic life.<\/span><\/li><\/ul><p><b>Reclaiming \"Truth\" as an Indispensable Common: in the age of \"Post-Truth\", \"Poly-Truth\", \"Fugitive Truth\"<\/b><\/p><ul><li><span style=\"font-weight: 400\">This focus examines how civic actors can protect, reclaim, and reinvent open and democratic spaces for dialogue, truth-seeking, transparency, accountability, and restoring trust in systems, institutions, and freedoms, especially as public discussions are shaped by misinformation, conspiracy theories, and delegitimising narratives.<\/span><\/li><\/ul><p><b>Democratic Backsliding, Illiberal Movements and Resistance Alternatives<\/b><\/p><ul><li><span style=\"font-weight: 400\">This focus investigates how illiberal, anti-democratic and anti-rights actors establish hegemony, claim and distort democratic tools while eroding freedoms, and how resistance movements can push back to defend democratic civic spaces, plurality, rights, and liberties.<\/span><\/li><\/ul>                        <\/div>\n\n                    <\/div>\n\n                <\/div><!-- .elementskit-card END -->\n\n                \n                <div class=\"elementskit-card\">\n                    <div class=\"elementskit-card-header\" id=\"primaryHeading-5-f6e0ac9\">\n                        <a href=\"#collapse-3cb470669f30a66d6f6a\" class=\"ekit-accordion--toggler elementskit-btn-link collapsed\" data-ekit-toggle=\"collapse\" data-target=\"#Collapse-3cb470669f30a66d6f6a\" aria-expanded=\"false\" aria-controls=\"Collapse-3cb470669f30a66d6f6a\">\n                            \n                            <span class=\"ekit-accordion-title\">What will happen during CiviCon?<\/span>\n\n                            \n                                <div class=\"ekit_accordion_icon_group\">\n                                    <div class=\"ekit_accordion_normal_icon\">\n                                        <!-- Normal Icon -->\n\t\t\t\t\t\t\t\t\t\t<i class=\"icon icon-down-arrow1\"><\/i>                                    <\/div>\n\n                                    <div class=\"ekit_accordion_active_icon\">\n                                        <!-- Active Icon -->\n\t\t\t\t\t\t\t\t\t\t<i class=\"icon icon-up-arrow\"><\/i>                                    <\/div>\n                                <\/div>\n\n                            \n                                                    <\/a>\n                    <\/div>\n\n                    <div id=\"Collapse-3cb470669f30a66d6f6a\" class=\"collapse\" aria-labelledby=\"primaryHeading-5-f6e0ac9\" data-parent=\"#accordion-69f30a66d6f6a\">\n\n                        <div class=\"elementskit-card-body ekit-accordion--content\">\n                            <p><span style=\"font-weight: 400\">In addition to two keynotes to be provided by world-known academics\/experts, CiviCon will host numerous prominent experts from different parts of the World, who will be sharing their work, analysis and projections on three main focus areas. While some of these speakers will physically be with us in Nicosia, Cyprus, we will make use of technology to connect with some others virtually.\u00a0<\/span><\/p><p><span style=\"font-weight: 400\">Live broadcast of the keynotes and the plenaries will be available for anyone in Cyprus and around the World who cannot physically be with us in Nicosia.<\/span><\/p><p><span style=\"font-weight: 400\">As CiviCon is not just a conference, 2 keynotes, 3 plenary and more than 10 parallel sessions will be held focusing on different aspects of the focal themes. These sessions will be conducted mostly by CSOs from Cyprus.\u00a0<\/span><\/p><p><span style=\"font-weight: 400\">Plus, CiviCon will also provide and promote opportunities for networking and celebrating the dedicated work of CSOs in Cyprus, showcasing their work, outputs and results in their respective booths. <\/span><\/p>                        <\/div>\n\n                    <\/div>\n\n                <\/div><!-- .elementskit-card END -->\n\n                \n                <div class=\"elementskit-card\">\n                    <div class=\"elementskit-card-header\" id=\"primaryHeading-6-f6e0ac9\">\n                        <a href=\"#collapse-b14542269f30a66d6f6a\" class=\"ekit-accordion--toggler elementskit-btn-link collapsed\" data-ekit-toggle=\"collapse\" data-target=\"#Collapse-b14542269f30a66d6f6a\" aria-expanded=\"false\" aria-controls=\"Collapse-b14542269f30a66d6f6a\">\n                            \n                            <span class=\"ekit-accordion-title\">Who will be speaking at CiviCon?<\/span>\n\n                            \n                                <div class=\"ekit_accordion_icon_group\">\n                                    <div class=\"ekit_accordion_normal_icon\">\n                                        <!-- Normal Icon -->\n\t\t\t\t\t\t\t\t\t\t<i class=\"icon icon-down-arrow1\"><\/i>                                    <\/div>\n\n                                    <div class=\"ekit_accordion_active_icon\">\n                                        <!-- Active Icon -->\n\t\t\t\t\t\t\t\t\t\t<i class=\"icon icon-up-arrow\"><\/i>                                    <\/div>\n                                <\/div>\n\n                            \n                                                    <\/a>\n                    <\/div>\n\n                    <div id=\"Collapse-b14542269f30a66d6f6a\" class=\"collapse\" aria-labelledby=\"primaryHeading-6-f6e0ac9\" data-parent=\"#accordion-69f30a66d6f6a\">\n\n                        <div class=\"elementskit-card-body ekit-accordion--content\">\n                            <p><span style=\"font-weight: 400\">CiviCon will host 9 prominent speakers! These speakers are academics and experts from<\/span> <span style=\"font-weight: 400\">Cyprus and abroad who have been shaping conversations on civic space, truth, coexistence, illiberal movements, and the ways we resist them. While some speakers will be joining us virtually, some others will be in Nicosia with their in-person contributions.\u00a0<\/span><\/p><p><b>Keynotes:<\/b><\/p><p><span style=\"font-weight: 400\">The keynotes on day 1 (31 October) and day 2 (1 November) will be delivered online by Prof. Craig Calhoun and Prof. Donatella della Porta.\u00a0<\/span><\/p><p><b>Craig Calhoun<\/b><\/p><p><span style=\"font-weight: 400\">Prof. Craig Calhoun, University Professor of Social Sciences at Arizona State University, is a comparative and historical sociologist, social theorist, and scholar, known for his interdisciplinary work in anthropology, communications, economics, history, international studies, political science, philosophy, and science and technology studies. His latest books include, Degenerations of Democracy (2022), co-authored with Charles Taylor and Dilip Gaonkar, and The Green New Deal and the Future of Work, co-edited with Benjamin Fong (2022). A former president of the Social Science Research Council and the London School of Economics, Calhoun has authored nine books and co-edited twenty-three, including collaborating with former students to create widely used anthologies covering classical and contemporary sociological theory.\u00a0<\/span><\/p><p><span style=\"font-weight: 400\">More information may be found at <\/span><a href=\"https:\/\/calhoun.faculty.asu.edu\"><span style=\"font-weight: 400\">https:\/\/calhoun.faculty.asu.edu<\/span><\/a><span style=\"font-weight: 400\">.<\/span><\/p><p><b>Donatella della Porta<\/b><\/p><p><span style=\"font-weight: 400\">Prof. Donatella Della Porta is a distinguished scholar specialized in political studies and sociology. She is known for her research on social movements, political violence, terrorism, corruption and protest policing. She is currently holding a place\u00a0at the Scuola Normale Superiore in Florence, Italy, as a professor of Political Science where she also serves as the Founding Dean of the Faculty of Political and Social Sciences and Director of the PhD program in Political Science and Sociology.\u00a0 She is the director of <\/span><a href=\"https:\/\/cosmos.sns.it\/\"><span style=\"font-weight: 400\">Cosmos - The Centre on Social Movement Studies<\/span><\/a><span style=\"font-weight: 400\">. She has been actively engaged in researching the dynamics of civic space, particularly in times of crisis. In her research <\/span><i><span style=\"font-weight: 400\">\"Mobilizing for Democracy,<\/span><\/i><span style=\"font-weight: 400\">\" she examined civil society\u2019s participation in democratization processes across Europe, the Middle East, Asia, and Latin America.\u00a0<\/span><\/p><p><span style=\"font-weight: 400\">More information may be found at <\/span><a href=\"https:\/\/cosmos.sns.it\/person\/donatella-della-porta\/\"><span style=\"font-weight: 400\">https:\/\/cosmos.sns.it\/person\/donatella-della-porta\/<\/span><\/a><\/p><p><b>Plenary Speakers:<\/b><\/p><p><span style=\"font-weight: 400\">CiviCon will host 7 speakers in the three plenaries to be held on focal themes. While Prof. Christina Flesher Fominaya, Prof. Martijn de Waal, Mete Hatay, Dr. Nayia Kamenou and Prof. Saul Newman will be with us in Nicosia to deliver their speeches, Dr. Jose Ramos and Prof. Tine de Moor will be joining us online for the first plenary to be held on Commoning.\u00a0<\/span><\/p><p><b>Cristina Flesher Fominaya<\/b><\/p><p><span style=\"font-weight: 400\">Prof. Cristina Flesher Fominaya (PhD University of California, Berkeley) is an internationally recognized expert in European and global social movement and politics, and Professor of Global Studies at Aarhus University in Denmark. She is editor in chief of <\/span><i><span style=\"font-weight: 400\">Social Movement Studies Journal, <\/span><\/i><span style=\"font-weight: 400\">and co-founder of <\/span><a href=\"https:\/\/www.interfacejournal.net\/\"><span style=\"font-weight: 400\">Interface.<\/span><\/a><span style=\"font-weight: 400\"> She has published and edited widely in the area of social movements and democratic innovation, including her book on Spain's transformative pro-democracy movement <\/span><i><span style=\"font-weight: 400\">Democracy Reloaded<\/span><\/i><span style=\"font-weight: 400\"> (2020 Oxford University Press).<\/span><\/p><p><span style=\"font-weight: 400\">More information can be found at <\/span><a href=\"https:\/\/www.au.dk\/en\/cffominaya@cas.au.dk\/\"><span style=\"font-weight: 400\">https:\/\/www.au.dk\/en\/cffominaya@cas.au.dk\/<\/span><\/a><\/p><p><b>Jose Ramos<\/b><\/p><p><span style=\"font-weight: 400\">Dr. Jose Ramos is an action researcher and futurist focused on the commons. With over 25 years of experience, he employs participatory futures and anticipatory governance to drive social innovation. He is the director of <\/span><a href=\"https:\/\/actionforesight.net\/\"><span style=\"font-weight: 400\">Action Foresight<\/span><\/a><span style=\"font-weight: 400\">, co-editor of the Journal of Futures Studies, and co-founder of the <\/span><a href=\"https:\/\/www.globalswarm.in\/\"><span style=\"font-weight: 400\">Participatory Futures Global Swarm<\/span><\/a><span style=\"font-weight: 400\">. He holds a PhD in critical globalization studies and has taught futures studies at universities worldwide.<\/span><\/p><p><span style=\"font-weight: 400\">More information may be found at <\/span><a href=\"https:\/\/scholar.google.com\/citations?user=5Px9_qMAAAAJ&amp;hl=en\"><span style=\"font-weight: 400\">https:\/\/scholar.google.com\/citations?user=5Px9_qMAAAAJ&amp;hl=en<\/span><\/a><\/p><p><b>Martijn de Waal<\/b><\/p><p><span style=\"font-weight: 400\">Martijn de Waal is a professor at the <\/span><a href=\"https:\/\/www.amsterdamuas.com\/research\/research-groups\/civic-interaction-design\"><span style=\"font-weight: 400\">Civic Interaction Design Research Group<\/span><\/a><span style=\"font-weight: 400\"> at the Amsterdam University of Applied Sciences. He is a (co-)author of books such as The Platform Society. Public Values in a Connective World. The Hackable City. Digital Media and Collaborative City-Making in the Network Society, and The City as Interface. How Digital Media Are Changing the City.<\/span><\/p><p><span style=\"font-weight: 400\">More information may be found at <\/span><a href=\"https:\/\/www.martijndewaal.nl\/\"><span style=\"font-weight: 400\">https:\/\/www.martijndewaal.nl\/<\/span><\/a><\/p><p><b>Mete Hatay<\/b><\/p><p><span style=\"font-weight: 400\">Mete Hatay is a journalist and Senior Research Consultant in the <\/span><a href=\"https:\/\/cyprus.prio.org\/\"><span style=\"font-weight: 400\">Peace Research Institute Oslo (PRIO) Cyprus Centre<\/span><\/a><span style=\"font-weight: 400\">. His research focuses primarily on Cyprus, where he has written widely on minorities and religion, the politics of demography, displacement, and cultural heritage. He has been the regular reporter on Islam in Cyprus for the Muslims in Europe Yearbook.\u00a0 He is the author, co-author or editor of numerous books, including Sovereignty Suspended: Building the So-Called State (co-writer), Kinship and Diasporas in Turkish Foreign Policy: Examples from Europe, the Middle East and the Eastern Mediterranean (co-editor). His current research concerns post-conflict return and remixing, and the history and international politics of models for negotiated settlements. Besides his regular appearances and commentaries in local media sources, Hatay has also published academic articles in venues such as Ethnic and Racial Studies, American Ethnologist, Middle Eastern Studies, Journal of Modern Greek Studies, and Cyprus Review.\u00a0<\/span><\/p><p><span style=\"font-weight: 400\">More information may be found at <\/span><a href=\"https:\/\/scholar.google.com\/citations?user=uiO3oHcAAAAJ&amp;hl=en\"><span style=\"font-weight: 400\">https:\/\/scholar.google.com\/citations?user=uiO3oHcAAAAJ&amp;hl=en<\/span><\/a><\/p><p><b>Nayia Kamenou<\/b><\/p><p><span style=\"font-weight: 400\">Dr. <\/span><span style=\"font-weight: 400\">Nayia Kamenou is an Assistant Professor in the Department of Social and Political Sciences at the University of Cyprus. She completed a Ph.D. in European Studies at King\u2019s College London. In 2021, Dr Kamenou received the International Political Science Association \"Wilma Rule\" Award for the Best Research on Gender and Politics. Her work has appeared in <\/span><i><span style=\"font-weight: 400\">European Journal of Women\u2019s Studies, Sexualities<\/span><\/i><span style=\"font-weight: 400\">, <\/span><i><span style=\"font-weight: 400\">International Feminist Journal of Politics<\/span><\/i><span style=\"font-weight: 400\">, <\/span><i><span style=\"font-weight: 400\">Women's Studies International Forum, Social Sciences, European Journal of Politics and Gender<\/span><\/i><span style=\"font-weight: 400\"> and in edited volumes. She has also authored\/co-authored several NGO publications.<\/span><\/p><p><span style=\"font-weight: 400\">More information may be found at <\/span><a href=\"https:\/\/scholar.google.com\/citations?user=gnp4e4UAAAAJ&amp;hl=en\"><span style=\"font-weight: 400\">https:\/\/scholar.google.com\/citations?user=gnp4e4UAAAAJ&amp;hl=en<\/span><\/a><\/p><p><b>Saul Newman<\/b><\/p><p><span style=\"font-weight: 400\">Prof. Saul Newman is Professor of Politics at Goldsmiths, University of London. His research focuses on contemporary political and democratic theory, with particular interests in radical politics, anarchism, human rights, political theology, populism, and post-truth politics. He is the author of numerous books, including his most recent, <\/span><i><span style=\"font-weight: 400\">The Anarchist Before the Law: Law without Authority<\/span><\/i><span style=\"font-weight: 400\"> (Edinburgh University Press, 2024).<\/span><\/p><p><span style=\"font-weight: 400\">More information may be found at <\/span><a href=\"https:\/\/www.gold.ac.uk\/politics-and-international-relations\/staff\/newman\/\"><span style=\"font-weight: 400\">https:\/\/www.gold.ac.uk\/politics-and-international-relations\/staff\/newman\/<\/span><\/a><\/p><p><b>Tine de Moor<\/b><\/p><p><span style=\"font-weight: 400\">Prof. Tine De Moor is Full Professor of Social Enterprise and Institutions for Collective Action at the Rotterdam School of Management, Erasmus University. She researches the historical and contemporary development of cooperative organizations\u2014such as energy and care cooperatives\u2014that balance personal and societal interests. A former president of the International Association for the Study of the Commons and founder of the <\/span><i><span style=\"font-weight: 400\">International Journal of the Commons<\/span><\/i><span style=\"font-weight: 400\">, she has also pioneered Citizen Science approaches and received several major research awards, including an ERC Starting Grant.<\/span><\/p><p><span style=\"font-weight: 400\">More information may be found at <\/span><a href=\"https:\/\/www.rsm.nl\/people\/tine-de-moor\/\"><span style=\"font-weight: 400\">https:\/\/www.rsm.nl\/people\/tine-de-moor\/<\/span><\/a><\/p>                        <\/div>\n\n                    <\/div>\n\n                <\/div><!-- .elementskit-card END -->\n\n                \n                <div class=\"elementskit-card\">\n                    <div class=\"elementskit-card-header\" id=\"primaryHeading-7-f6e0ac9\">\n                        <a href=\"#collapse-9af750f69f30a66d6f6a\" class=\"ekit-accordion--toggler elementskit-btn-link collapsed\" data-ekit-toggle=\"collapse\" data-target=\"#Collapse-9af750f69f30a66d6f6a\" aria-expanded=\"false\" aria-controls=\"Collapse-9af750f69f30a66d6f6a\">\n                            \n                            <span class=\"ekit-accordion-title\">What parallel sessions will be held?<\/span>\n\n                            \n                                <div class=\"ekit_accordion_icon_group\">\n                                    <div class=\"ekit_accordion_normal_icon\">\n                                        <!-- Normal Icon -->\n\t\t\t\t\t\t\t\t\t\t<i class=\"icon icon-down-arrow1\"><\/i>                                    <\/div>\n\n                                    <div class=\"ekit_accordion_active_icon\">\n                                        <!-- Active Icon -->\n\t\t\t\t\t\t\t\t\t\t<i class=\"icon icon-up-arrow\"><\/i>                                    <\/div>\n                                <\/div>\n\n                            \n                                                    <\/a>\n                    <\/div>\n\n                    <div id=\"Collapse-9af750f69f30a66d6f6a\" class=\"collapse\" aria-labelledby=\"primaryHeading-7-f6e0ac9\" data-parent=\"#accordion-69f30a66d6f6a\">\n\n                        <div class=\"elementskit-card-body ekit-accordion--content\">\n                            <p><span style=\"font-weight: 400\">CiviCon will host more than 10 parallel sessions focusing on the three main focal areas. The parallel sessions will be organised by CSOs on a variety of topics.\u00a0<\/span><\/p><p><b>Focal area 1: Commoning: Redefining Commons of Civil Society and Civic Space<\/b><\/p><ul><li><span style=\"font-weight: 400\">\u201cSay What You See \u2013 See What You Say?\" Creating real and imagined places\u201d by Association for Historical Dialogue and Research (AHDR)<\/span><\/li><li><span style=\"font-weight: 400\">\u201cCo-creating the Civic Commons\u201d by Civil Society Initiative Association (S\u0130T\u0130)<\/span><\/li><li><span style=\"font-weight: 400\">\u201cOur Commons: Youth Redefining Civic Space Together\u201d by United Youth of Cyprus<\/span><\/li><li><span style=\"font-weight: 400\">\u201cReconsidering the Ground and Scope of our Struggle for Rights\u201d by Vegan Initiative<\/span><\/li><\/ul><p><b>Focal area 2: Reclaiming \u201cTruth\u201d as an Indispensable Common: in the age of \u201cPost-Truth\u201d, \u201cPoly-Truth\u201d, and \u201cFugitive Truth\u201d<\/b><\/p><ul><li><span style=\"font-weight: 400\">\u201cTruth as a Right: Countering Misinformation, Post-Truth, and Restoring Trust\u201d by The Shelter and Vois Cyprus<\/span><\/li><li><span style=\"font-weight: 400\">\u201cTruth and Beyond in Health<\/span><b>\u201d <\/b><span style=\"font-weight: 400\">by Universal Patient\u2019s Rights Association (UPRA)<\/span><\/li><li><span style=\"font-weight: 400\">\u201cReclaiming Truth: Monitoring, Data, and Advocacy\u201d by Human Rights Platform (HRP)<\/span><\/li><\/ul><p><b>Focal area 3: Democratic Backsliding, Illiberal Movements and Resistance Alternatives<\/b><\/p><ul><li><span style=\"font-weight: 400\">\u201cWhy are we monitoring\/watching? Freedom of Association and Right to Participation\u201d by Civil Society Development Center Association (STGM)<\/span><\/li><li><span style=\"font-weight: 400\">\u201cQueer Resistance in Cyprus\u201d by Queer Cyprus Association<\/span><\/li><li><span style=\"font-weight: 400\">\u201cAddressing the Gender Backlash: Reclaiming Civic Space through Feminist Solidarity and Truth\u201d by <\/span><span style=\"font-weight: 400\">Mediterranean Institute of Gender Studies (MIGS)<\/span><\/li><\/ul>                        <\/div>\n\n                    <\/div>\n\n                <\/div><!-- .elementskit-card END -->\n\n                \n                <div class=\"elementskit-card\">\n                    <div class=\"elementskit-card-header\" id=\"primaryHeading-8-f6e0ac9\">\n                        <a href=\"#collapse-ed982cc69f30a66d6f6a\" class=\"ekit-accordion--toggler elementskit-btn-link collapsed\" data-ekit-toggle=\"collapse\" data-target=\"#Collapse-ed982cc69f30a66d6f6a\" aria-expanded=\"false\" aria-controls=\"Collapse-ed982cc69f30a66d6f6a\">\n                            \n                            <span class=\"ekit-accordion-title\">Who should be there at CiviCon?<\/span>\n\n                            \n                                <div class=\"ekit_accordion_icon_group\">\n                                    <div class=\"ekit_accordion_normal_icon\">\n                                        <!-- Normal Icon -->\n\t\t\t\t\t\t\t\t\t\t<i class=\"icon icon-down-arrow1\"><\/i>                                    <\/div>\n\n                                    <div class=\"ekit_accordion_active_icon\">\n                                        <!-- Active Icon -->\n\t\t\t\t\t\t\t\t\t\t<i class=\"icon icon-up-arrow\"><\/i>                                    <\/div>\n                                <\/div>\n\n                            \n                                                    <\/a>\n                    <\/div>\n\n                    <div id=\"Collapse-ed982cc69f30a66d6f6a\" class=\"collapse\" aria-labelledby=\"primaryHeading-8-f6e0ac9\" data-parent=\"#accordion-69f30a66d6f6a\">\n\n                        <div class=\"elementskit-card-body ekit-accordion--content\">\n                            <p><span style=\"font-weight: 400\">CiviCon is for all of us \u2014 in Cyprus and beyond \u2014 who continue to believe in the values of democracy, equality, rights, solidarity, peace, and living together. It is a gathering for those who care about shaping a more just and inclusive future.<\/span><\/p><p><span style=\"font-weight: 400\">We welcome civil society organizations, activists, students, academics, media representatives, policymakers, and all individuals committed to these values. CiviCon is a space for anyone searching for pathways, ideas, and collective strength to navigate the uncertain and challenging times we live in.<\/span><\/p>                        <\/div>\n\n                    <\/div>\n\n                <\/div><!-- .elementskit-card END -->\n\n                \n                <div class=\"elementskit-card\">\n                    <div class=\"elementskit-card-header\" id=\"primaryHeading-9-f6e0ac9\">\n                        <a href=\"#collapse-534188169f30a66d6f6a\" class=\"ekit-accordion--toggler elementskit-btn-link collapsed\" data-ekit-toggle=\"collapse\" data-target=\"#Collapse-534188169f30a66d6f6a\" aria-expanded=\"false\" aria-controls=\"Collapse-534188169f30a66d6f6a\">\n                            \n                            <span class=\"ekit-accordion-title\">What should I do to register?<\/span>\n\n                            \n                                <div class=\"ekit_accordion_icon_group\">\n                                    <div class=\"ekit_accordion_normal_icon\">\n                                        <!-- Normal Icon -->\n\t\t\t\t\t\t\t\t\t\t<i class=\"icon icon-down-arrow1\"><\/i>                                    <\/div>\n\n                                    <div class=\"ekit_accordion_active_icon\">\n                                        <!-- Active Icon -->\n\t\t\t\t\t\t\t\t\t\t<i class=\"icon icon-up-arrow\"><\/i>                                    <\/div>\n                                <\/div>\n\n                            \n                                                    <\/a>\n                    <\/div>\n\n                    <div id=\"Collapse-534188169f30a66d6f6a\" class=\"collapse\" aria-labelledby=\"primaryHeading-9-f6e0ac9\" data-parent=\"#accordion-69f30a66d6f6a\">\n\n                        <div class=\"elementskit-card-body ekit-accordion--content\">\n                            <p><span style=\"font-weight: 400\">You can register to the event and to the parallel sessions from the following link:<\/span><\/p><p><span style=\"font-weight: 400\">\u00a0<\/span><a href=\"https:\/\/forms.gle\/Qao1W6N3hXQvGAcr6\"><span style=\"font-weight: 400\">https:\/\/forms.gle\/Qao1W6N3hXQvGAcr6<\/span><\/a><\/p>                        <\/div>\n\n                    <\/div>\n\n                <\/div><!-- .elementskit-card END -->\n\n                \n                <div class=\"elementskit-card\">\n                    <div class=\"elementskit-card-header\" id=\"primaryHeading-10-f6e0ac9\">\n                        <a href=\"#collapse-6ecbf3a69f30a66d6f6a\" class=\"ekit-accordion--toggler elementskit-btn-link collapsed\" data-ekit-toggle=\"collapse\" data-target=\"#Collapse-6ecbf3a69f30a66d6f6a\" aria-expanded=\"false\" aria-controls=\"Collapse-6ecbf3a69f30a66d6f6a\">\n                            \n                            <span class=\"ekit-accordion-title\">Who can I contact for further questions? <\/span>\n\n                            \n                                <div class=\"ekit_accordion_icon_group\">\n                                    <div class=\"ekit_accordion_normal_icon\">\n                                        <!-- Normal Icon -->\n\t\t\t\t\t\t\t\t\t\t<i class=\"icon icon-down-arrow1\"><\/i>                                    <\/div>\n\n                                    <div class=\"ekit_accordion_active_icon\">\n                                        <!-- Active Icon -->\n\t\t\t\t\t\t\t\t\t\t<i class=\"icon icon-up-arrow\"><\/i>                                    <\/div>\n                                <\/div>\n\n                            \n                                                    <\/a>\n                    <\/div>\n\n                    <div id=\"Collapse-6ecbf3a69f30a66d6f6a\" class=\"collapse\" aria-labelledby=\"primaryHeading-10-f6e0ac9\" data-parent=\"#accordion-69f30a66d6f6a\">\n\n                        <div class=\"elementskit-card-body ekit-accordion--content\">\n                            <p><span style=\"font-weight: 400\">For any further questions, you can reach out via <\/span><b>email at <a href=\"mailto:civicon@civicspace.eu\">civicon@civicspace.eu<\/a><\/b><span style=\"font-weight: 400\"> or by phone at <\/span><b>+90 533 833 79 50 \/ +90 392 227 65 05<\/b><span style=\"font-weight: 400\">.<\/span><\/p>                        <\/div>\n\n                    <\/div>\n\n                <\/div><!-- .elementskit-card END -->\n\n                                        <\/div>\n    <\/div>\t\t\t\t<\/div>\n\t\t\t\t<\/div>\n\t\t\t\t\t<\/div>\n\t\t\t\t<\/div>\n\t\t<div class=\"elementor-element elementor-element-f1e3e3a e-flex e-con-boxed elementor-invisible e-con e-parent\" data-id=\"f1e3e3a\" data-element_type=\"container\" data-e-type=\"container\" data-settings=\"{&quot;animation&quot;:&quot;fadeInUp&quot;,&quot;_ha_eqh_enable&quot;:false}\">\n\t\t\t\t\t<div class=\"e-con-inner\">\n\t\t\t\t<div class=\"elementor-element elementor-element-5d6c425 elementor-widget elementor-widget-heading\" data-id=\"5d6c425\" data-element_type=\"widget\" data-e-type=\"widget\" data-widget_type=\"heading.default\">\n\t\t\t\t<div class=\"elementor-widget-container\">\n\t\t\t\t\t<h3 class=\"elementor-heading-title elementor-size-default\">CiviCon Focal Areas<\/h3>\t\t\t\t<\/div>\n\t\t\t\t<\/div>\n\t\t\t\t<div class=\"elementor-element elementor-element-6fd0858 elementor-widget-divider--separator-type-pattern elementor-widget-divider--no-spacing elementor-widget-divider--view-line elementor-widget elementor-widget-divider\" data-id=\"6fd0858\" data-element_type=\"widget\" data-e-type=\"widget\" data-widget_type=\"divider.default\">\n\t\t\t\t<div class=\"elementor-widget-container\">\n\t\t\t\t\t\t\t<div class=\"elementor-divider\" style=\"--divider-pattern-url: url(&quot;data:image\/svg+xml,%3Csvg xmlns=&#039;http:\/\/www.w3.org\/2000\/svg&#039; preserveAspectRatio=&#039;xMidYMid meet&#039; overflow=&#039;visible&#039; height=&#039;100%&#039; viewBox=&#039;0 0 126 26&#039; fill=&#039;black&#039; stroke=&#039;none&#039;%3E%3Cpath d=&#039;M3,10.2c2.6,0,2.6,2,2.6,3.2S4.4,16.5,3,16.5s-3-1.4-3-3.2S0.4,10.2,3,10.2z M18.8,10.2c1.7,0,3.2,1.4,3.2,3.2s-1.4,3.2-3.2,3.2c-1.7,0-3.2-1.4-3.2-3.2S17,10.2,18.8,10.2z M34.6,10.2c1.5,0,2.6,1.4,2.6,3.2s-0.5,3.2-1.9,3.2c-1.5,0-3.4-1.4-3.4-3.2S33.1,10.2,34.6,10.2z M50.5,10.2c1.7,0,3.2,1.4,3.2,3.2s-1.4,3.2-3.2,3.2c-1.7,0-3.3-0.9-3.3-2.6S48.7,10.2,50.5,10.2z M66.2,10.2c1.5,0,3.4,1.4,3.4,3.2s-1.9,3.2-3.4,3.2c-1.5,0-2.6-0.4-2.6-2.1S64.8,10.2,66.2,10.2z M82.2,10.2c1.7,0.8,2.6,1.4,2.6,3.2s-0.1,3.2-1.6,3.2c-1.5,0-3.7-1.4-3.7-3.2S80.5,9.4,82.2,10.2zM98.6,10.2c1.5,0,2.6,0.4,2.6,2.1s-1.2,4.2-2.6,4.2c-1.5,0-3.7-0.4-3.7-2.1S97.1,10.2,98.6,10.2z M113.4,10.2c1.2,0,2.2,0.9,2.2,3.2s-0.1,3.2-1.3,3.2s-3.1-1.4-3.1-3.2S112.2,10.2,113.4,10.2z&#039;\/%3E%3C\/svg%3E&quot;);\">\n\t\t\t<span class=\"elementor-divider-separator\">\n\t\t\t\t\t\t<\/span>\n\t\t<\/div>\n\t\t\t\t\t\t<\/div>\n\t\t\t\t<\/div>\n\t\t\t\t<div class=\"elementor-element elementor-element-c58d25e e-n-tabs-mobile elementor-widget elementor-widget-n-tabs\" data-id=\"c58d25e\" data-element_type=\"widget\" data-e-type=\"widget\" data-widget_type=\"nested-tabs.default\">\n\t\t\t\t<div class=\"elementor-widget-container\">\n\t\t\t\t\t\t\t<div class=\"e-n-tabs\" data-widget-number=\"207147614\" aria-label=\"Tabs. Open items with Enter or Space, close with Escape and navigate using the Arrow keys.\">\n\t\t\t<div class=\"e-n-tabs-heading\" role=\"tablist\">\n\t\t\t\t\t<button id=\"e-n-tab-title-2071476141\" data-tab-title-id=\"e-n-tab-title-2071476141\" class=\"e-n-tab-title\" aria-selected=\"true\" data-tab-index=\"1\" role=\"tab\" tabindex=\"0\" aria-controls=\"e-n-tab-content-2071476141\" style=\"--n-tabs-title-order: 1;\">\n\t\t\t\t\t\t<span class=\"e-n-tab-title-text\">\n\t\t\t\tCommoning: Redefining the Commons of Civil Society and Civic Space\t\t\t<\/span>\n\t\t<\/button>\n\t\t\t\t<button id=\"e-n-tab-title-2071476142\" data-tab-title-id=\"e-n-tab-title-2071476142\" class=\"e-n-tab-title\" aria-selected=\"false\" data-tab-index=\"2\" role=\"tab\" tabindex=\"-1\" aria-controls=\"e-n-tab-content-2071476142\" style=\"--n-tabs-title-order: 2;\">\n\t\t\t\t\t\t<span class=\"e-n-tab-title-text\">\n\t\t\t\tReclaiming \u201cTruth\u201d as an Indispensable Common: in the age of \u201cPost-Truth\u201d, \u201cPoly-Truth\u201d, and \u201cFugitive Truth\" \t\t\t<\/span>\n\t\t<\/button>\n\t\t\t\t<button id=\"e-n-tab-title-2071476143\" data-tab-title-id=\"e-n-tab-title-2071476143\" class=\"e-n-tab-title\" aria-selected=\"false\" data-tab-index=\"3\" role=\"tab\" tabindex=\"-1\" aria-controls=\"e-n-tab-content-2071476143\" style=\"--n-tabs-title-order: 3;\">\n\t\t\t\t\t\t<span class=\"e-n-tab-title-text\">\n\t\t\t\tDemocratic Backsliding, Illiberal Movements and Resistance Alternatives\t\t\t<\/span>\n\t\t<\/button>\n\t\t\t\t\t<\/div>\n\t\t\t<div class=\"e-n-tabs-content\">\n\t\t\t\t<div id=\"e-n-tab-content-2071476141\" role=\"tabpanel\" aria-labelledby=\"e-n-tab-title-2071476141\" data-tab-index=\"1\" style=\"--n-tabs-title-order: 1;\" class=\"e-active elementor-element elementor-element-0de0c54 e-con-full e-flex e-con e-child\" data-id=\"0de0c54\" data-element_type=\"container\" data-e-type=\"container\" data-settings=\"{&quot;background_background&quot;:&quot;classic&quot;,&quot;_ha_eqh_enable&quot;:false}\">\n\t\t\t\t<div class=\"elementor-element elementor-element-e3f8b25 elementor-widget elementor-widget-text-editor\" data-id=\"e3f8b25\" data-element_type=\"widget\" data-e-type=\"widget\" data-widget_type=\"text-editor.default\">\n\t\t\t\t<div class=\"elementor-widget-container\">\n\t\t\t\t\t\t\t\t\t<p><i><span style=\"font-weight: 400;\">How can we reclaim the \u201ccommons\u201d \u2014 shared values, spaces, languages, and practices \u2014 to strengthen democratic participation, solidarity, and cooperation across diverse civic actors?<\/span><\/i><\/p><p>\u00a0<\/p><p><span style=\"font-weight: 400;\">In order to strengthen the capacity of civil society and civic spaces in fostering democratic life, there is a need to rethink, redefine and reclaim \u201ccommons\u201d such as values, actors, spaces, methods, and languages.\u00a0<\/span><\/p><p>\u00a0<\/p><p><span style=\"font-weight: 400;\">This focal area will address questions such as:\u00a0<\/span><\/p><ul><li style=\"font-weight: 400;\" aria-level=\"1\"><span style=\"font-weight: 400;\">What are the shared, collective and indispensable values of civil society?<\/span><\/li><li style=\"font-weight: 400;\" aria-level=\"1\"><span style=\"font-weight: 400;\">Who are the civic actors?<\/span><\/li><li style=\"font-weight: 400;\" aria-level=\"1\"><span style=\"font-weight: 400;\">What constitutes civic spaces?<\/span><\/li><li style=\"font-weight: 400;\" aria-level=\"1\"><span style=\"font-weight: 400;\">What obstacles to participation in or support for regional or global solidarity movements remain, and what are the reasons for their persistence?\u00a0<\/span><\/li><li style=\"font-weight: 400;\" aria-level=\"1\"><span style=\"font-weight: 400;\">How can we forge alliances across multiple civic spaces for peacebuilding and reconciliation?<\/span><\/li><li style=\"font-weight: 400;\" aria-level=\"1\"><span style=\"font-weight: 400;\">How can we ensure civil society participation in decision-making processes?<\/span><\/li><li style=\"font-weight: 400;\" aria-level=\"1\"><span style=\"font-weight: 400;\">What is the role of public funding in the relationship between the state and civil society as well as amongst civil society actors?<\/span><\/li><li style=\"font-weight: 400;\" aria-level=\"1\"><span style=\"font-weight: 400;\">To what degree are the experiences of civil society actors esteemed inside civil society? What implications do the experiences of civil society actors have on collective memory, civic resilience, solidarity, and civic engagement within and between social movements?<\/span><\/li><li style=\"font-weight: 400;\" aria-level=\"1\"><span style=\"font-weight: 400;\">What resources and spaces do we have at our disposal? How can we cultivate collective resources to strengthen solidarity and cooperation?<\/span><\/li><\/ul>\t\t\t\t\t\t\t\t<\/div>\n\t\t\t\t<\/div>\n\t\t\t\t<div class=\"elementor-element elementor-element-3520dbb elementor-widget elementor-widget-text-editor\" data-id=\"3520dbb\" data-element_type=\"widget\" data-e-type=\"widget\" data-widget_type=\"text-editor.default\">\n\t\t\t\t<div class=\"elementor-widget-container\">\n\t\t\t\t\t\t\t\t\t<p><strong>Parallel Sessions:<\/strong><\/p>\t\t\t\t\t\t\t\t<\/div>\n\t\t\t\t<\/div>\n\t\t\t\t<div class=\"elementor-element elementor-element-57f8ba9 elementor-widget elementor-widget-posts\" data-id=\"57f8ba9\" data-element_type=\"widget\" data-e-type=\"widget\" data-widget_type=\"posts.default\">\n\t\t\t\t<div class=\"elementor-widget-container\">\n\t\t\t\t\t \t\t\t\t<\/div>\n\t\t\t\t<\/div>\n\t\t\t\t<\/div>\n\t\t<div id=\"e-n-tab-content-2071476142\" role=\"tabpanel\" aria-labelledby=\"e-n-tab-title-2071476142\" data-tab-index=\"2\" style=\"--n-tabs-title-order: 2;\" class=\"elementor-element elementor-element-7c474b8 e-con-full e-flex e-con e-child\" data-id=\"7c474b8\" data-element_type=\"container\" data-e-type=\"container\" data-settings=\"{&quot;background_background&quot;:&quot;classic&quot;,&quot;_ha_eqh_enable&quot;:false}\">\n\t\t\t\t<div class=\"elementor-element elementor-element-ca916bc elementor-widget elementor-widget-text-editor\" data-id=\"ca916bc\" data-element_type=\"widget\" data-e-type=\"widget\" data-widget_type=\"text-editor.default\">\n\t\t\t\t<div class=\"elementor-widget-container\">\n\t\t\t\t\t\t\t\t\t<p><i><span style=\"font-weight: 400;\">How can civic actors defend truth and transparency against misinformation, conspiracy, and manipulation \u2014 and rebuild trust in dialogue, accountability, and democratic debate?<\/span><\/i><\/p><p>\u00a0<\/p><p><span style=\"font-weight: 400;\">Public discussions are increasingly shaped by mis\/dis-information, conspiracy theories, and delegitimizing narratives. This focal area<\/span> <span style=\"font-weight: 400;\">will<\/span> <span style=\"font-weight: 400;\">explore how civic actors can protect, reclaim, and reinvent open and democratic spaces for dialogue, truth-seeking, transparency, accountability, and restoring trust for the systems and institutions and freedoms in this era.\u00a0<\/span><\/p><p>\u00a0<\/p><p><span style=\"font-weight: 400;\">Some of the questions that will be addressed in this focal area are:<\/span><\/p><ul><li aria-level=\"1\"><span style=\"font-weight: 400;\">How can civil society actors defend public spheres against mis\/disinformation and conspiracy theories?<\/span><\/li><\/ul><ul><li aria-level=\"1\"><span style=\"font-weight: 400;\">How does mis\/dis-information influence activism today?\u00a0<\/span><\/li><\/ul><ul><li aria-level=\"1\"><span style=\"font-weight: 400;\">How does power shape what counts as \u201ctruth\u201d in the public sphere?<\/span><\/li><\/ul><ul><li aria-level=\"1\"><span style=\"font-weight: 400;\">What role does dialogic learning, critical thinking, and fact-checking play in defending civic space against post-truth pressures?<\/span><\/li><\/ul><ul><li aria-level=\"1\"><span style=\"font-weight: 400;\">Who is shaping the internet?<\/span><\/li><\/ul><ul><li aria-level=\"1\"><span style=\"font-weight: 400;\">How does youth participation, visibility, and organisation in digital spaces interact with public activism?<\/span><\/li><\/ul><ul><li aria-level=\"1\"><span style=\"font-weight: 400;\">To what extent are AI-powered tools effective to monitor, expose, and respond to disinformation? What risks and opportunities do they present for civil society?\u00a0<\/span><\/li><\/ul><p>\u00a0<\/p>\t\t\t\t\t\t\t\t<\/div>\n\t\t\t\t<\/div>\n\t\t\t\t<div class=\"elementor-element elementor-element-c6a358e elementor-widget elementor-widget-text-editor\" data-id=\"c6a358e\" data-element_type=\"widget\" data-e-type=\"widget\" data-widget_type=\"text-editor.default\">\n\t\t\t\t<div class=\"elementor-widget-container\">\n\t\t\t\t\t\t\t\t\t<p><strong>Parellel Sessions:<\/strong><\/p>\t\t\t\t\t\t\t\t<\/div>\n\t\t\t\t<\/div>\n\t\t\t\t<div class=\"elementor-element elementor-element-3527f07 elementor-widget elementor-widget-posts\" data-id=\"3527f07\" data-element_type=\"widget\" data-e-type=\"widget\" data-widget_type=\"posts.default\">\n\t\t\t\t<div class=\"elementor-widget-container\">\n\t\t\t\t\t \t\t\t\t<\/div>\n\t\t\t\t<\/div>\n\t\t\t\t<\/div>\n\t\t<div id=\"e-n-tab-content-2071476143\" role=\"tabpanel\" aria-labelledby=\"e-n-tab-title-2071476143\" data-tab-index=\"3\" style=\"--n-tabs-title-order: 3;\" class=\"elementor-element elementor-element-a41d9ea e-con-full e-flex e-con e-child\" data-id=\"a41d9ea\" data-element_type=\"container\" data-e-type=\"container\" data-settings=\"{&quot;background_background&quot;:&quot;classic&quot;,&quot;_ha_eqh_enable&quot;:false}\">\n\t\t\t\t<div class=\"elementor-element elementor-element-2b99057 elementor-widget elementor-widget-text-editor\" data-id=\"2b99057\" data-element_type=\"widget\" data-e-type=\"widget\" data-widget_type=\"text-editor.default\">\n\t\t\t\t<div class=\"elementor-widget-container\">\n\t\t\t\t\t\t\t\t\t<p><i><span style=\"font-weight: 400;\">How can civil society resist illiberal and anti-rights mobilizations that distort democratic tools? What new strategies can we develop to defend pluralism, rights, and freedoms?<\/span><\/i><\/p><p>\u00a0<\/p><p><span style=\"font-weight: 400;\">With the rise of the hegemony of anti-democratic and anti-rights movements across the globe, public sphere and civic spaces are shrinking and under threat. This focal area invites exploration of how right-wing populist, anti-democratic and anti-rights civic actors attempt to establish hegemony in the public sphere; how they claim and deprave democratic tools, methods and narratives even as they erode fundamental freedoms; and how resistance movements can push back and reposition themselves against their hegemony to defend democratic civic spaces, plurality, rights and liberties.\u00a0<\/span><\/p><p>\u00a0<\/p><p><span style=\"font-weight: 400;\">Some of the questions that will be addressed in this focal area are: \u00a0<\/span><\/p><ul><li style=\"font-weight: 400;\" aria-level=\"1\"><span style=\"font-weight: 400;\">What are the major movements and dynamics that are currently shaping the concept of civil society? To what extent has civil society been able to address changing needs and historical challenges?<\/span><\/li><li style=\"font-weight: 400;\" aria-level=\"1\"><span style=\"font-weight: 400;\">What new or revised tools, strategies, and methods can democratic civil society actors, practitioners, and theorists develop in response to anti-democratic narratives?<\/span><\/li><li style=\"font-weight: 400;\" aria-level=\"1\"><span style=\"font-weight: 400;\">What role does\/can civil society play in transforming anti-democratic narratives?<\/span><\/li><li style=\"font-weight: 400;\" aria-level=\"1\"><span style=\"font-weight: 400;\">How can liberal civil society reposition itself against domination, hegemony, oppression and violence?<\/span><\/li><li style=\"font-weight: 400;\" aria-level=\"1\"><span style=\"font-weight: 400;\">What role does politics of resistance play against anti-democratic movements? <\/span><\/li><\/ul>\t\t\t\t\t\t\t\t<\/div>\n\t\t\t\t<\/div>\n\t\t\t\t<div class=\"elementor-element elementor-element-f97054e elementor-widget elementor-widget-text-editor\" data-id=\"f97054e\" data-element_type=\"widget\" data-e-type=\"widget\" data-widget_type=\"text-editor.default\">\n\t\t\t\t<div class=\"elementor-widget-container\">\n\t\t\t\t\t\t\t\t\t<p><strong>Parellel Sessions:<\/strong><\/p>\t\t\t\t\t\t\t\t<\/div>\n\t\t\t\t<\/div>\n\t\t\t\t<div class=\"elementor-element elementor-element-494a2d3 elementor-widget elementor-widget-posts\" data-id=\"494a2d3\" data-element_type=\"widget\" data-e-type=\"widget\" data-widget_type=\"posts.default\">\n\t\t\t\t<div class=\"elementor-widget-container\">\n\t\t\t\t\t \t\t\t\t<\/div>\n\t\t\t\t<\/div>\n\t\t\t\t<\/div>\n\t\t\t\t\t<\/div>\n\t\t<\/div>\n\t\t\t\t\t\t<\/div>\n\t\t\t\t<\/div>\n\t\t\t\t\t<\/div>\n\t\t\t\t<\/div>\n\t\t<div class=\"elementor-element elementor-element-c42ef56 e-flex e-con-boxed elementor-invisible e-con e-parent\" data-id=\"c42ef56\" data-element_type=\"container\" data-e-type=\"container\" data-settings=\"{&quot;animation&quot;:&quot;fadeInUp&quot;,&quot;_ha_eqh_enable&quot;:false}\">\n\t\t\t\t\t<div class=\"e-con-inner\">\n\t\t\t\t<div class=\"elementor-element elementor-element-f7ae54f elementor-widget elementor-widget-heading\" data-id=\"f7ae54f\" data-element_type=\"widget\" data-e-type=\"widget\" data-widget_type=\"heading.default\">\n\t\t\t\t<div class=\"elementor-widget-container\">\n\t\t\t\t\t<h3 class=\"elementor-heading-title elementor-size-default\">Parellel Sessions<\/h3>\t\t\t\t<\/div>\n\t\t\t\t<\/div>\n\t\t\t\t<div class=\"elementor-element elementor-element-1f24345 elementor-widget-divider--separator-type-pattern elementor-widget-divider--no-spacing elementor-widget-divider--view-line elementor-widget elementor-widget-divider\" data-id=\"1f24345\" data-element_type=\"widget\" data-e-type=\"widget\" data-widget_type=\"divider.default\">\n\t\t\t\t<div class=\"elementor-widget-container\">\n\t\t\t\t\t\t\t<div class=\"elementor-divider\" style=\"--divider-pattern-url: url(&quot;data:image\/svg+xml,%3Csvg xmlns=&#039;http:\/\/www.w3.org\/2000\/svg&#039; preserveAspectRatio=&#039;xMidYMid meet&#039; overflow=&#039;visible&#039; height=&#039;100%&#039; viewBox=&#039;0 0 126 26&#039; fill=&#039;black&#039; stroke=&#039;none&#039;%3E%3Cpath d=&#039;M3,10.2c2.6,0,2.6,2,2.6,3.2S4.4,16.5,3,16.5s-3-1.4-3-3.2S0.4,10.2,3,10.2z M18.8,10.2c1.7,0,3.2,1.4,3.2,3.2s-1.4,3.2-3.2,3.2c-1.7,0-3.2-1.4-3.2-3.2S17,10.2,18.8,10.2z M34.6,10.2c1.5,0,2.6,1.4,2.6,3.2s-0.5,3.2-1.9,3.2c-1.5,0-3.4-1.4-3.4-3.2S33.1,10.2,34.6,10.2z M50.5,10.2c1.7,0,3.2,1.4,3.2,3.2s-1.4,3.2-3.2,3.2c-1.7,0-3.3-0.9-3.3-2.6S48.7,10.2,50.5,10.2z M66.2,10.2c1.5,0,3.4,1.4,3.4,3.2s-1.9,3.2-3.4,3.2c-1.5,0-2.6-0.4-2.6-2.1S64.8,10.2,66.2,10.2z M82.2,10.2c1.7,0.8,2.6,1.4,2.6,3.2s-0.1,3.2-1.6,3.2c-1.5,0-3.7-1.4-3.7-3.2S80.5,9.4,82.2,10.2zM98.6,10.2c1.5,0,2.6,0.4,2.6,2.1s-1.2,4.2-2.6,4.2c-1.5,0-3.7-0.4-3.7-2.1S97.1,10.2,98.6,10.2z M113.4,10.2c1.2,0,2.2,0.9,2.2,3.2s-0.1,3.2-1.3,3.2s-3.1-1.4-3.1-3.2S112.2,10.2,113.4,10.2z&#039;\/%3E%3C\/svg%3E&quot;);\">\n\t\t\t<span class=\"elementor-divider-separator\">\n\t\t\t\t\t\t<\/span>\n\t\t<\/div>\n\t\t\t\t\t\t<\/div>\n\t\t\t\t<\/div>\n\t\t\t\t<div class=\"elementor-element elementor-element-7664473 e-n-tabs-mobile elementor-widget elementor-widget-n-tabs\" data-id=\"7664473\" data-element_type=\"widget\" data-e-type=\"widget\" data-settings=\"{&quot;tabs_justify_horizontal&quot;:&quot;start&quot;,&quot;horizontal_scroll&quot;:&quot;disable&quot;}\" data-widget_type=\"nested-tabs.default\">\n\t\t\t\t<div class=\"elementor-widget-container\">\n\t\t\t\t\t\t\t<div class=\"e-n-tabs\" data-widget-number=\"124142707\" aria-label=\"Sekmeler. Enter ve Space ile \u00f6geleri a\u00e7abilir, Escape ile \u00f6geleri kapatabilir ve Y\u00f6n tu\u015flar\u0131 ile \u00f6geler aras\u0131nda gezinebilirsiniz.\" data-no-translation-aria-label=\"\">\n\t\t\t<div class=\"e-n-tabs-heading\" role=\"tablist\">\n\t\t\t\t\t<button id=\"e-n-tab-title-1241427071\" data-tab-title-id=\"e-n-tab-title-1241427071\" class=\"e-n-tab-title\" aria-selected=\"true\" data-tab-index=\"1\" role=\"tab\" tabindex=\"0\" aria-controls=\"e-n-tab-content-1241427071\" style=\"--n-tabs-title-order: 1;\">\n\t\t\t\t\t\t<span class=\"e-n-tab-title-text\">\n\t\t\t\t31 October 2025, 15:30 \u2013 17:00\t\t\t<\/span>\n\t\t<\/button>\n\t\t\t\t<button id=\"e-n-tab-title-1241427072\" data-tab-title-id=\"e-n-tab-title-1241427072\" class=\"e-n-tab-title\" aria-selected=\"false\" data-tab-index=\"2\" role=\"tab\" tabindex=\"-1\" aria-controls=\"e-n-tab-content-1241427072\" style=\"--n-tabs-title-order: 2;\">\n\t\t\t\t\t\t<span class=\"e-n-tab-title-text\">\n\t\t\t\t1 November 2025 | 13:30 \u2013 15:00\t\t\t<\/span>\n\t\t<\/button>\n\t\t\t\t<button id=\"e-n-tab-title-1241427073\" data-tab-title-id=\"e-n-tab-title-1241427073\" class=\"e-n-tab-title\" aria-selected=\"false\" data-tab-index=\"3\" role=\"tab\" tabindex=\"-1\" aria-controls=\"e-n-tab-content-1241427073\" style=\"--n-tabs-title-order: 3;\">\n\t\t\t\t\t\t<span class=\"e-n-tab-title-text\">\n\t\t\t\t1 November 2025 | 15:30 \u2013 17:00\t\t\t<\/span>\n\t\t<\/button>\n\t\t\t\t\t<\/div>\n\t\t\t<div class=\"e-n-tabs-content\">\n\t\t\t\t<div id=\"e-n-tab-content-1241427071\" role=\"tabpanel\" aria-labelledby=\"e-n-tab-title-1241427071\" data-tab-index=\"1\" style=\"--n-tabs-title-order: 1;\" class=\"e-active elementor-element elementor-element-20fda69 e-con-full e-flex e-con e-child\" data-id=\"20fda69\" data-element_type=\"container\" data-e-type=\"container\" data-settings=\"{&quot;_ha_eqh_enable&quot;:false}\">\n\t\t\t\t<div class=\"elementor-element elementor-element-afbc9e7 elementor-widget elementor-widget-loop-grid\" data-id=\"afbc9e7\" data-element_type=\"widget\" data-e-type=\"widget\" data-widget_type=\"loop-grid.default\">\n\t\t\t\t<div class=\"elementor-widget-container\">\n\t\t\t\t\t \t\t\t\t<\/div>\n\t\t\t\t<\/div>\n\t\t\t\t<\/div>\n\t\t<div id=\"e-n-tab-content-1241427072\" role=\"tabpanel\" aria-labelledby=\"e-n-tab-title-1241427072\" data-tab-index=\"2\" style=\"--n-tabs-title-order: 2;\" class=\"elementor-element elementor-element-5be52a6 e-con-full e-flex e-con e-child\" data-id=\"5be52a6\" data-element_type=\"container\" data-e-type=\"container\" data-settings=\"{&quot;_ha_eqh_enable&quot;:false}\">\n\t\t\t\t<div class=\"elementor-element elementor-element-0e0a67b elementor-widget elementor-widget-loop-grid\" data-id=\"0e0a67b\" data-element_type=\"widget\" data-e-type=\"widget\" data-widget_type=\"loop-grid.default\">\n\t\t\t\t<div class=\"elementor-widget-container\">\n\t\t\t\t\t \t\t\t\t<\/div>\n\t\t\t\t<\/div>\n\t\t\t\t<\/div>\n\t\t<div id=\"e-n-tab-content-1241427073\" role=\"tabpanel\" aria-labelledby=\"e-n-tab-title-1241427073\" data-tab-index=\"3\" style=\"--n-tabs-title-order: 3;\" class=\"elementor-element elementor-element-3dcb885 e-con-full e-flex e-con e-child\" data-id=\"3dcb885\" data-element_type=\"container\" data-e-type=\"container\" data-settings=\"{&quot;_ha_eqh_enable&quot;:false}\">\n\t\t\t\t<div class=\"elementor-element elementor-element-de04ebe elementor-widget elementor-widget-loop-grid\" data-id=\"de04ebe\" data-element_type=\"widget\" data-e-type=\"widget\" data-widget_type=\"loop-grid.default\">\n\t\t\t\t<div class=\"elementor-widget-container\">\n\t\t\t\t\t \t\t\t\t<\/div>\n\t\t\t\t<\/div>\n\t\t\t\t<\/div>\n\t\t\t\t\t<\/div>\n\t\t<\/div>\n\t\t\t\t\t\t<\/div>\n\t\t\t\t<\/div>\n\t\t\t\t\t<\/div>\n\t\t\t\t<\/div>\n\t\t<div class=\"elementor-element elementor-element-43ebba7 e-flex e-con-boxed elementor-invisible e-con e-parent\" data-id=\"43ebba7\" data-element_type=\"container\" data-e-type=\"container\" data-settings=\"{&quot;animation&quot;:&quot;fadeInUp&quot;,&quot;_ha_eqh_enable&quot;:false}\">\n\t\t\t\t\t<div class=\"e-con-inner\">\n\t\t\t\t<div class=\"elementor-element elementor-element-d12b9b9 elementor-widget elementor-widget-heading\" data-id=\"d12b9b9\" data-element_type=\"widget\" data-e-type=\"widget\" data-widget_type=\"heading.default\">\n\t\t\t\t<div class=\"elementor-widget-container\">\n\t\t\t\t\t<h3 class=\"elementor-heading-title elementor-size-default\">Agenda<\/h3>\t\t\t\t<\/div>\n\t\t\t\t<\/div>\n\t\t\t\t<div class=\"elementor-element elementor-element-ef381af elementor-widget-divider--separator-type-pattern elementor-widget-divider--no-spacing elementor-widget-divider--view-line elementor-widget elementor-widget-divider\" data-id=\"ef381af\" data-element_type=\"widget\" data-e-type=\"widget\" data-widget_type=\"divider.default\">\n\t\t\t\t<div class=\"elementor-widget-container\">\n\t\t\t\t\t\t\t<div class=\"elementor-divider\" style=\"--divider-pattern-url: url(&quot;data:image\/svg+xml,%3Csvg xmlns=&#039;http:\/\/www.w3.org\/2000\/svg&#039; preserveAspectRatio=&#039;xMidYMid meet&#039; overflow=&#039;visible&#039; height=&#039;100%&#039; viewBox=&#039;0 0 126 26&#039; fill=&#039;black&#039; stroke=&#039;none&#039;%3E%3Cpath d=&#039;M3,10.2c2.6,0,2.6,2,2.6,3.2S4.4,16.5,3,16.5s-3-1.4-3-3.2S0.4,10.2,3,10.2z M18.8,10.2c1.7,0,3.2,1.4,3.2,3.2s-1.4,3.2-3.2,3.2c-1.7,0-3.2-1.4-3.2-3.2S17,10.2,18.8,10.2z M34.6,10.2c1.5,0,2.6,1.4,2.6,3.2s-0.5,3.2-1.9,3.2c-1.5,0-3.4-1.4-3.4-3.2S33.1,10.2,34.6,10.2z M50.5,10.2c1.7,0,3.2,1.4,3.2,3.2s-1.4,3.2-3.2,3.2c-1.7,0-3.3-0.9-3.3-2.6S48.7,10.2,50.5,10.2z M66.2,10.2c1.5,0,3.4,1.4,3.4,3.2s-1.9,3.2-3.4,3.2c-1.5,0-2.6-0.4-2.6-2.1S64.8,10.2,66.2,10.2z M82.2,10.2c1.7,0.8,2.6,1.4,2.6,3.2s-0.1,3.2-1.6,3.2c-1.5,0-3.7-1.4-3.7-3.2S80.5,9.4,82.2,10.2zM98.6,10.2c1.5,0,2.6,0.4,2.6,2.1s-1.2,4.2-2.6,4.2c-1.5,0-3.7-0.4-3.7-2.1S97.1,10.2,98.6,10.2z M113.4,10.2c1.2,0,2.2,0.9,2.2,3.2s-0.1,3.2-1.3,3.2s-3.1-1.4-3.1-3.2S112.2,10.2,113.4,10.2z&#039;\/%3E%3C\/svg%3E&quot;);\">\n\t\t\t<span class=\"elementor-divider-separator\">\n\t\t\t\t\t\t<\/span>\n\t\t<\/div>\n\t\t\t\t\t\t<\/div>\n\t\t\t\t<\/div>\n\t\t\t\t<div class=\"elementor-element elementor-element-f15a1b9 e-n-tabs-mobile elementor-widget elementor-widget-n-tabs\" data-id=\"f15a1b9\" data-element_type=\"widget\" data-e-type=\"widget\" data-settings=\"{&quot;tabs_justify_horizontal&quot;:&quot;start&quot;,&quot;horizontal_scroll&quot;:&quot;disable&quot;}\" data-widget_type=\"nested-tabs.default\">\n\t\t\t\t<div class=\"elementor-widget-container\">\n\t\t\t\t\t\t\t<div class=\"e-n-tabs\" data-widget-number=\"253075897\" aria-label=\"Tabs. Open items with Enter or Space, close with Escape and navigate using the Arrow keys.\">\n\t\t\t<div class=\"e-n-tabs-heading\" role=\"tablist\">\n\t\t\t\t\t<button id=\"e-n-tab-title-2530758971\" data-tab-title-id=\"e-n-tab-title-2530758971\" class=\"e-n-tab-title\" aria-selected=\"true\" data-tab-index=\"1\" role=\"tab\" tabindex=\"0\" aria-controls=\"e-n-tab-content-2530758971\" style=\"--n-tabs-title-order: 1;\">\n\t\t\t\t\t\t<span class=\"e-n-tab-title-text\">\n\t\t\t\t30 October 2025, Thursday\t\t\t<\/span>\n\t\t<\/button>\n\t\t\t\t<button id=\"e-n-tab-title-2530758972\" data-tab-title-id=\"e-n-tab-title-2530758972\" class=\"e-n-tab-title\" aria-selected=\"false\" data-tab-index=\"2\" role=\"tab\" tabindex=\"-1\" aria-controls=\"e-n-tab-content-2530758972\" style=\"--n-tabs-title-order: 2;\">\n\t\t\t\t\t\t<span class=\"e-n-tab-title-text\">\n\t\t\t\t31 October 2025, Friday\t\t\t<\/span>\n\t\t<\/button>\n\t\t\t\t<button id=\"e-n-tab-title-2530758973\" data-tab-title-id=\"e-n-tab-title-2530758973\" class=\"e-n-tab-title\" aria-selected=\"false\" data-tab-index=\"3\" role=\"tab\" tabindex=\"-1\" aria-controls=\"e-n-tab-content-2530758973\" style=\"--n-tabs-title-order: 3;\">\n\t\t\t\t\t\t<span class=\"e-n-tab-title-text\">\n\t\t\t\t1 November 2025, Saturday\t\t\t<\/span>\n\t\t<\/button>\n\t\t\t\t\t<\/div>\n\t\t\t<div class=\"e-n-tabs-content\">\n\t\t\t\t<div id=\"e-n-tab-content-2530758971\" role=\"tabpanel\" aria-labelledby=\"e-n-tab-title-2530758971\" data-tab-index=\"1\" style=\"--n-tabs-title-order: 1;\" class=\"e-active elementor-element elementor-element-50ad209 e-con-full e-flex e-con e-child\" data-id=\"50ad209\" data-element_type=\"container\" data-e-type=\"container\" data-settings=\"{&quot;_ha_eqh_enable&quot;:false}\">\n\t\t\t\t<div class=\"elementor-element elementor-element-51c4dfe elementor-widget elementor-widget-text-editor\" data-id=\"51c4dfe\" data-element_type=\"widget\" data-e-type=\"widget\" data-widget_type=\"text-editor.default\">\n\t\t\t\t<div class=\"elementor-widget-container\">\n\t\t\t\t\t\t\t\t\t<p><span style=\"color: #00a28f;\"><strong>18:30 \u2013 21:00 <\/strong><\/span> <span style=\"font-weight: 400;\">Opening Reception @<\/span><a href=\"https:\/\/maps.app.goo.gl\/RhxLpmKuY1R7ZEVP7\" target=\"_blank\" rel=\"noopener\"><span style=\"font-weight: 400;\">Bedesten<\/span><\/a><\/p>\t\t\t\t\t\t\t\t<\/div>\n\t\t\t\t<\/div>\n\t\t\t\t<\/div>\n\t\t<div id=\"e-n-tab-content-2530758972\" role=\"tabpanel\" aria-labelledby=\"e-n-tab-title-2530758972\" data-tab-index=\"2\" style=\"--n-tabs-title-order: 2;\" class=\"elementor-element elementor-element-c385898 e-con-full e-flex e-con e-child\" data-id=\"c385898\" data-element_type=\"container\" data-e-type=\"container\" data-settings=\"{&quot;_ha_eqh_enable&quot;:false}\">\n\t\t\t\t<div class=\"elementor-element elementor-element-20f2716 elementor-widget elementor-widget-text-editor\" data-id=\"20f2716\" data-element_type=\"widget\" data-e-type=\"widget\" data-widget_type=\"text-editor.default\">\n\t\t\t\t<div class=\"elementor-widget-container\">\n\t\t\t\t\t\t\t\t\t<table style=\"border-collapse: collapse; width: 100%; font-family: Arial, sans-serif;\">\n    <thead>\n        <tr>\n            <th style=\"border: 1px solid #ddd; padding: 12px; text-align: left; background-color: #f2f2f2;\">Time<\/th>\n            <th style=\"border: 1px solid #ddd; padding: 12px; text-align: left; background-color: #f2f2f2;\">Program<\/th>\n        <\/tr>\n    <\/thead>\n    <tbody>\n        <tr>\n            <td style=\"border: 1px solid #ddd; padding: 12px; vertical-align: top; color: #00A28F; font-weight: bold; white-space: nowrap;\">09:00 \u2013 09:30<\/td>\n            <td style=\"border: 1px solid #ddd; padding: 12px; vertical-align: top;\">Registration <a href=\"https:\/\/maps.app.goo.gl\/RhxLpmKuY1R7ZEVP7\" target=\"_blank\">@Bedestan<\/a><\/td>\n        <\/tr>\n        <tr>\n            <td style=\"border: 1px solid #ddd; padding: 12px; vertical-align: top; color: #00A28F; font-weight: bold; white-space: nowrap;\">09:30 \u2013 10:00<\/td>\n            <td style=\"border: 1px solid #ddd; padding: 12px; vertical-align: top;\">Welcoming speeches by EUPSO and Civic Space <a href=\"https:\/\/maps.app.goo.gl\/RhxLpmKuY1R7ZEVP7\" target=\"_blank\">@Bedestan<\/a><\/td>\n        <\/tr>\n        <tr>\n            <td style=\"border: 1px solid #ddd; padding: 12px; vertical-align: top; color: #00A28F; font-weight: bold; white-space: nowrap;\">10:00 \u2013 10:45<\/td>\n            <td style=\"border: 1px solid #ddd; padding: 12px; vertical-align: top;\">Keynote by <a href=\"https:\/\/scholar.google.com\/citations?user=9aK_IuEAAAAJ&#038;hl=en\" target=\"_blank\">Prof. Craig Calhoun<\/a><br>Arizona State University, USA (online) <a href=\"https:\/\/maps.app.goo.gl\/RhxLpmKuY1R7ZEVP7\" target=\"_blank\">@Bedestan<\/a><\/td>\n        <\/tr>\n        <tr>\n            <td style=\"border: 1px solid #ddd; padding: 12px; vertical-align: top; color: #00A28F; font-weight: bold; white-space: nowrap;\">10:45 \u2013 11:00<\/td>\n            <td style=\"border: 1px solid #ddd; padding: 12px; vertical-align: top;\">Coffee break<\/td>\n        <\/tr>\n        <tr>\n            <td style=\"border: 1px solid #ddd; padding: 12px; vertical-align: top; color: #00A28F; font-weight: bold; white-space: nowrap;\">11:00 \u2013 12:30<\/td>\n            <td style=\"border: 1px solid #ddd; padding: 12px; vertical-align: top;\">\n                <strong>Plenary I: Commoning: Redefining Commons of Civil Society and Civic Space <a href=\"https:\/\/maps.app.goo.gl\/RhxLpmKuY1R7ZEVP7\" target=\"_blank\">@Bedestan<\/a><\/strong><br><br>\n                &#8220;Back to the future? Commons as a normality in the past and a social innovation in the present&#8221;<br>\n                <a href=\"https:\/\/scholar.google.com\/citations?user=4PIwNuoAAAAJ&#038;hl=en\" target=\"_blank\">Prof. Tine de Moor<\/a>, Erasmus University, Netherlands (online)<br><br>\n                &#8220;Commoning in the age of urgency: Reclaiming civic ecology amid climate and democratic collapse&#8221;<br>\n                <a href=\"https:\/\/scholar.google.co.th\/citations?user=uiO3oHcAAAAJ&#038;hl=th\" target=\"_blank\">Mete Hatay<\/a>, Senior Research Consultant, Prio Cyprus Centre<br><br>\n                &#8220;Guarding the invisible ecology: A commons-based approach to the civic sphere&#8221;<br>\n                <a href=\"https:\/\/scholar.google.com\/citations?user=5Px9_qMAAAAJ&#038;hl=en\" target=\"_blank\">Dr. Jose Ramos<\/a>, Queensland University of Technology, Australia (online)\n            <\/td>\n        <\/tr>\n        <tr>\n            <td style=\"border: 1px solid #ddd; padding: 12px; vertical-align: top; color: #00A28F; font-weight: bold; white-space: nowrap;\">12:30 \u2013 13:30<\/td>\n            <td style=\"border: 1px solid #ddd; padding: 12px; vertical-align: top;\">Lunch break <a href=\"https:\/\/maps.app.goo.gl\/RhxLpmKuY1R7ZEVP7\" target=\"_blank\">@Bedestan<\/a><\/td>\n        <\/tr>\n        <tr>\n            <td style=\"border: 1px solid #ddd; padding: 12px; vertical-align: top; color: #00A28F; font-weight: bold; white-space: nowrap;\">13:30 \u2013 15:00<\/td>\n            <td style=\"border: 1px solid #ddd; padding: 12px; vertical-align: top;\">\n                <strong>Plenary II: Reclaiming &#8220;Truth&#8221; as an Indispensable Common: in the age of &#8220;Post-Truth&#8221;, &#8220;Poly-Truth&#8221;, and &#8220;Fugitive Truth&#8221; <a href=\"https:\/\/maps.app.goo.gl\/RhxLpmKuY1R7ZEVP7\" target=\"_blank\">@Bedestan<\/a><\/strong><br><br>\n                &#8220;Fugitive truth: Renewing democracy in the age of post-truth&#8221;<br>\n                <a href=\"https:\/\/scholar.google.com\/citations?user=i78UU0UAAAAJ&#038;hl=en\" target=\"_blank\">Prof. Saul Newman<\/a>, Goldsmiths University of London, UK<br><br>\n                &#8220;Designing for Civic Social Media. Taking ownership of civic infrastructures&#8221;<br>\n                <a href=\"https:\/\/scholar.google.com\/citations?user=t9CFbSAAAAAJ&#038;hl=nl\" target=\"_blank\">Prof. Martijn de Waal<\/a>, Amsterdam University, Netherlands\n            <\/td>\n        <\/tr>\n        <tr>\n            <td style=\"border: 1px solid #ddd; padding: 12px; vertical-align: top; color: #00A28F; font-weight: bold; white-space: nowrap;\">15:00 \u2013 15:30<\/td>\n            <td style=\"border: 1px solid #ddd; padding: 12px; vertical-align: top;\">Coffee break<\/td>\n        <\/tr>\n        <tr>\n            <td style=\"border: 1px solid #ddd; padding: 12px; vertical-align: top; color: #00A28F; font-weight: bold; white-space: nowrap;\">15:30 \u2013 17:00<\/td>\n            <td style=\"border: 1px solid #ddd; padding: 12px; vertical-align: top;\">\n                <strong>Parallel Sessions:<\/strong><br><br>\n                \u2022 &#8220;Say What You See \u2013 See What You Say?&#8221; Creating real and imagined places&#8221; by Association for Historical Dialogue and Research (AHDR)<br>\n                <em>Focus theme: Commoning: Redefining Commons<\/em><br><br>\n                \u2022 &#8220;Our commons: Youth redefining civic space together&#8221;, by United Youth of Cyprus<br>\n                <em>Focus theme: Commoning: Redefining Commons<\/em><br><br>\n                \u2022 &#8220;Reclaiming truth: Monitoring, data, and advocacy&#8221; by Human Rights Platform (HRP)<br>\n                <em>Focus theme: Reclaiming Truth as an Indispensable Common<\/em><br><br>\n                \u2022 &#8220;Addressing the gender backlash: Reclaiming civic space through feminist solidarity and truth&#8221; by Mediterranean Institute of Gender Studies (MIGS)<br>\n                <em>Focus theme: Illiberal Mobilization and Alternative Modes of Resistance<\/em>\n            <\/td>\n        <\/tr>\n    <\/tbody>\n<\/table>\t\t\t\t\t\t\t\t<\/div>\n\t\t\t\t<\/div>\n\t\t\t\t<\/div>\n\t\t<div id=\"e-n-tab-content-2530758973\" role=\"tabpanel\" aria-labelledby=\"e-n-tab-title-2530758973\" data-tab-index=\"3\" style=\"--n-tabs-title-order: 3;\" class=\"elementor-element elementor-element-104e0be e-con-full e-flex e-con e-child\" data-id=\"104e0be\" data-element_type=\"container\" data-e-type=\"container\" data-settings=\"{&quot;_ha_eqh_enable&quot;:false}\">\n\t\t\t\t<div class=\"elementor-element elementor-element-9667794 elementor-widget elementor-widget-text-editor\" data-id=\"9667794\" data-element_type=\"widget\" data-e-type=\"widget\" data-widget_type=\"text-editor.default\">\n\t\t\t\t<div class=\"elementor-widget-container\">\n\t\t\t\t\t\t\t\t\t<table style=\"border-collapse: collapse; width: 100%; font-family: Arial, sans-serif;\">\n    <thead>\n        <tr>\n            <th style=\"border: 1px solid #ddd; padding: 12px; text-align: left; background-color: #f2f2f2;\">Time<\/th>\n            <th style=\"border: 1px solid #ddd; padding: 12px; text-align: left; background-color: #f2f2f2;\">Program<\/th>\n        <\/tr>\n    <\/thead>\n    <tbody>\n        <tr>\n            <td style=\"border: 1px solid #ddd; padding: 12px; vertical-align: top; color: #00A28F; font-weight: bold; white-space: nowrap;\">09:00 \u2013 09:15<\/td>\n            <td style=\"border: 1px solid #ddd; padding: 12px; vertical-align: top;\">Registration <a href=\"https:\/\/maps.app.goo.gl\/RhxLpmKuY1R7ZEVP7\" target=\"_blank\">@Bedestan<\/a><\/td>\n        <\/tr>\n        <tr>\n            <td style=\"border: 1px solid #ddd; padding: 12px; vertical-align: top; color: #00A28F; font-weight: bold; white-space: nowrap;\">09:15 \u2013 09:30<\/td>\n            <td style=\"border: 1px solid #ddd; padding: 12px; vertical-align: top;\">Opening speech of the second day <a href=\"https:\/\/maps.app.goo.gl\/RhxLpmKuY1R7ZEVP7\" target=\"_blank\">@Bedestan<\/a><\/td>\n        <\/tr>\n        <tr>\n            <td style=\"border: 1px solid #ddd; padding: 12px; vertical-align: top; color: #00A28F; font-weight: bold; white-space: nowrap;\">09:30 \u2013 10:15<\/td>\n            <td style=\"border: 1px solid #ddd; padding: 12px; vertical-align: top;\">\n                &#8220;Resisting the backlash: the transformative potential of progressive social movements&#8221;<br>\n                Keynote by <a href=\"https:\/\/scholar.google.com\/citations?user=utI_trMAAAAJ&#038;hl=en\" target=\"_blank\">Prof. Donatella Della Porta<\/a><br>\n                Scuola Normale Superiore, Italy (online) <a href=\"https:\/\/maps.app.goo.gl\/RhxLpmKuY1R7ZEVP7\" target=\"_blank\">@Bedestan<\/a>\n            <\/td>\n        <\/tr>\n        <tr>\n            <td style=\"border: 1px solid #ddd; padding: 12px; vertical-align: top; color: #00A28F; font-weight: bold; white-space: nowrap;\">10:15 \u2013 10:30<\/td>\n            <td style=\"border: 1px solid #ddd; padding: 12px; vertical-align: top;\">Coffee break <a href=\"https:\/\/maps.app.goo.gl\/RhxLpmKuY1R7ZEVP7\" target=\"_blank\">@Bedestan<\/a><\/td>\n        <\/tr>\n        <tr>\n            <td style=\"border: 1px solid #ddd; padding: 12px; vertical-align: top; color: #00A28F; font-weight: bold; white-space: nowrap;\">10:30 \u2013 12:00<\/td>\n            <td style=\"border: 1px solid #ddd; padding: 12px; vertical-align: top;\">\n                <strong>Plenary III: Democratic Backsliding, Illiberal Movements and Resistance Alternatives, <a href=\"https:\/\/maps.app.goo.gl\/RhxLpmKuY1R7ZEVP7\" target=\"_blank\">@Bedestan<\/a><\/strong><br><br>\n                &#8220;Caring democracy, the commons, and polarization in the context of democratic backsliding and the rise of authoritarianism&#8221;<br>\n                Prof. Cristina Flesher Fominaya, Aarhus University, Denmark<br><br>\n                &#8220;Anti-gender politics in Cyprus: Discourses, actors, and resistances&#8221;<br>\n                Dr. Nayia Kamenou, University of Cyprus\n            <\/td>\n        <\/tr>\n        <tr>\n            <td style=\"border: 1px solid #ddd; padding: 12px; vertical-align: top; color: #00A28F; font-weight: bold; white-space: nowrap;\">12:00 \u2013 13:30<\/td>\n            <td style=\"border: 1px solid #ddd; padding: 12px; vertical-align: top;\">Lunch break<\/td>\n        <\/tr>\n        <tr>\n            <td style=\"border: 1px solid #ddd; padding: 12px; vertical-align: top; color: #00A28F; font-weight: bold; white-space: nowrap;\">13:30 \u2013 15:00<\/td>\n            <td style=\"border: 1px solid #ddd; padding: 12px; vertical-align: top;\">\n                <strong>Parallel Sessions:<\/strong><br><br>\n                \u2022 &#8220;Co-creating the civic commons&#8221; by Civil Society Initiative Association (S\u0130T\u0130)<br>\n                <em>Focus theme: Commoning: Redefining Commons<\/em><br><br>\n                \u2022 &#8220;Truth and beyond in health&#8221; by Universal Patient&#8217;s Rights Association<br>\n                <em>Focus theme: Reclaiming Truth as an Indispensable Common<\/em><br><br>\n                \u2022 &#8220;Queer resistance in Cyprus&#8221;, by Queer Cyprus Association<br>\n                <em>Focus theme: Illiberal Mobilization and Alternative Modes of Resistance<\/em>\n            <\/td>\n        <\/tr>\n        <tr>\n            <td style=\"border: 1px solid #ddd; padding: 12px; vertical-align: top; color: #00A28F; font-weight: bold; white-space: nowrap;\">15:00 \u2013 15:30<\/td>\n            <td style=\"border: 1px solid #ddd; padding: 12px; vertical-align: top;\">Coffee break<\/td>\n        <\/tr>\n        <tr>\n            <td style=\"border: 1px solid #ddd; padding: 12px; vertical-align: top; color: #00A28F; font-weight: bold; white-space: nowrap;\">15:30 \u2013 17:00<\/td>\n            <td style=\"border: 1px solid #ddd; padding: 12px; vertical-align: top;\">\n                <strong>Parallel Sessions:<\/strong><br><br>\n                \u2022 &#8220;Reconsidering the ground and scope of our struggle for rights&#8221; by Vegan Initiative<br>\n                <em>Focus theme: Commoning: Redefining Commons<\/em><br><br>\n                \u2022 &#8220;Truth as a right: Countering misinformation, post-truth, and restoring trust&#8221;, by The Shelter and Vois Cyprus<br>\n                <em>Focus theme: Reclaiming Truth as an Indispensable Common<\/em><br><br>\n                \u2022 &#8220;Why are we monitoring\/watching? Freedom of association and right to participation&#8221; by Civil Society Development Center Association (STGM)<br>\n                <em>Focus theme: Illiberal Mobilization and Alternative Modes of Resistance<\/em>\n            <\/td>\n        <\/tr>\n        <tr>\n            <td style=\"border: 1px solid #ddd; padding: 12px; vertical-align: top; color: #00A28F; font-weight: bold; white-space: nowrap;\">17:00 \u2013 17:30<\/td>\n            <td style=\"border: 1px solid #ddd; padding: 12px; vertical-align: top;\">Coffee break<\/td>\n        <\/tr>\n        <tr>\n            <td style=\"border: 1px solid #ddd; padding: 12px; vertical-align: top; color: #00A28F; font-weight: bold; white-space: nowrap;\">17:30 \u2013 18:30<\/td>\n            <td style=\"border: 1px solid #ddd; padding: 12px; vertical-align: top;\">Closing plenary <a href=\"https:\/\/maps.app.goo.gl\/RhxLpmKuY1R7ZEVP7\" target=\"_blank\">@Bedestan<\/a><\/td>\n        <\/tr>\n        <tr>\n            <td style=\"border: 1px solid #ddd; padding: 12px; vertical-align: top; color: #00A28F; font-weight: bold; white-space: nowrap;\">18:30 \u2013 20:30<\/td>\n            <td style=\"border: 1px solid #ddd; padding: 12px; vertical-align: top;\">Closing reception <a href=\"https:\/\/maps.app.goo.gl\/RhxLpmKuY1R7ZEVP7\" target=\"_blank\">@Bedestan<\/a><\/td>\n        <\/tr>\n    <\/tbody>\n<\/table>\t\t\t\t\t\t\t\t<\/div>\n\t\t\t\t<\/div>\n\t\t\t\t<\/div>\n\t\t\t\t\t<\/div>\n\t\t<\/div>\n\t\t\t\t\t\t<\/div>\n\t\t\t\t<\/div>\n\t\t\t\t\t<\/div>\n\t\t\t\t<\/div>\n\t\t<div class=\"elementor-element elementor-element-0f7a12e e-flex e-con-boxed elementor-invisible e-con e-parent\" data-id=\"0f7a12e\" data-element_type=\"container\" data-e-type=\"container\" data-settings=\"{&quot;animation&quot;:&quot;fadeInUp&quot;,&quot;_ha_eqh_enable&quot;:false}\">\n\t\t\t\t\t<div class=\"e-con-inner\">\n\t\t\t\t<div class=\"elementor-element elementor-element-01a33ea elementor-widget elementor-widget-heading\" data-id=\"01a33ea\" data-element_type=\"widget\" data-e-type=\"widget\" data-widget_type=\"heading.default\">\n\t\t\t\t<div class=\"elementor-widget-container\">\n\t\t\t\t\t<h3 class=\"elementor-heading-title elementor-size-default\">Speakers<\/h3>\t\t\t\t<\/div>\n\t\t\t\t<\/div>\n\t\t\t\t<div class=\"elementor-element elementor-element-f78a13f elementor-widget-divider--separator-type-pattern elementor-widget-divider--no-spacing elementor-widget-divider--view-line elementor-widget elementor-widget-divider\" data-id=\"f78a13f\" data-element_type=\"widget\" data-e-type=\"widget\" data-widget_type=\"divider.default\">\n\t\t\t\t<div class=\"elementor-widget-container\">\n\t\t\t\t\t\t\t<div class=\"elementor-divider\" style=\"--divider-pattern-url: url(&quot;data:image\/svg+xml,%3Csvg xmlns=&#039;http:\/\/www.w3.org\/2000\/svg&#039; preserveAspectRatio=&#039;xMidYMid meet&#039; overflow=&#039;visible&#039; height=&#039;100%&#039; viewBox=&#039;0 0 126 26&#039; fill=&#039;black&#039; stroke=&#039;none&#039;%3E%3Cpath d=&#039;M3,10.2c2.6,0,2.6,2,2.6,3.2S4.4,16.5,3,16.5s-3-1.4-3-3.2S0.4,10.2,3,10.2z M18.8,10.2c1.7,0,3.2,1.4,3.2,3.2s-1.4,3.2-3.2,3.2c-1.7,0-3.2-1.4-3.2-3.2S17,10.2,18.8,10.2z M34.6,10.2c1.5,0,2.6,1.4,2.6,3.2s-0.5,3.2-1.9,3.2c-1.5,0-3.4-1.4-3.4-3.2S33.1,10.2,34.6,10.2z M50.5,10.2c1.7,0,3.2,1.4,3.2,3.2s-1.4,3.2-3.2,3.2c-1.7,0-3.3-0.9-3.3-2.6S48.7,10.2,50.5,10.2z M66.2,10.2c1.5,0,3.4,1.4,3.4,3.2s-1.9,3.2-3.4,3.2c-1.5,0-2.6-0.4-2.6-2.1S64.8,10.2,66.2,10.2z M82.2,10.2c1.7,0.8,2.6,1.4,2.6,3.2s-0.1,3.2-1.6,3.2c-1.5,0-3.7-1.4-3.7-3.2S80.5,9.4,82.2,10.2zM98.6,10.2c1.5,0,2.6,0.4,2.6,2.1s-1.2,4.2-2.6,4.2c-1.5,0-3.7-0.4-3.7-2.1S97.1,10.2,98.6,10.2z M113.4,10.2c1.2,0,2.2,0.9,2.2,3.2s-0.1,3.2-1.3,3.2s-3.1-1.4-3.1-3.2S112.2,10.2,113.4,10.2z&#039;\/%3E%3C\/svg%3E&quot;);\">\n\t\t\t<span class=\"elementor-divider-separator\">\n\t\t\t\t\t\t<\/span>\n\t\t<\/div>\n\t\t\t\t\t\t<\/div>\n\t\t\t\t<\/div>\n\t\t\t\t<div class=\"elementor-element elementor-element-0dee58a elementor-widget elementor-widget-heading\" data-id=\"0dee58a\" data-element_type=\"widget\" data-e-type=\"widget\" data-widget_type=\"heading.default\">\n\t\t\t\t<div class=\"elementor-widget-container\">\n\t\t\t\t\t<h4 class=\"elementor-heading-title elementor-size-default\">Keynote Speakers<\/h4>\t\t\t\t<\/div>\n\t\t\t\t<\/div>\n\t\t\t\t<div class=\"elementor-element elementor-element-ed63cf8 elementor-widget elementor-widget-loop-grid\" data-id=\"ed63cf8\" data-element_type=\"widget\" data-e-type=\"widget\" data-widget_type=\"loop-grid.default\">\n\t\t\t\t<div class=\"elementor-widget-container\">\n\t\t\t\t\t \t\t\t\t<\/div>\n\t\t\t\t<\/div>\n\t\t\t\t<div class=\"elementor-element elementor-element-9c80975 elementor-widget-divider--view-line elementor-widget elementor-widget-divider\" data-id=\"9c80975\" data-element_type=\"widget\" data-e-type=\"widget\" data-widget_type=\"divider.default\">\n\t\t\t\t<div class=\"elementor-widget-container\">\n\t\t\t\t\t\t\t<div class=\"elementor-divider\">\n\t\t\t<span class=\"elementor-divider-separator\">\n\t\t\t\t\t\t<\/span>\n\t\t<\/div>\n\t\t\t\t\t\t<\/div>\n\t\t\t\t<\/div>\n\t\t\t\t<div class=\"elementor-element elementor-element-1b5cf37 elementor-widget elementor-widget-heading\" data-id=\"1b5cf37\" data-element_type=\"widget\" data-e-type=\"widget\" data-widget_type=\"heading.default\">\n\t\t\t\t<div class=\"elementor-widget-container\">\n\t\t\t\t\t<h4 class=\"elementor-heading-title elementor-size-default\">Plenary Session-I Speakers\n\n\n<\/h4>\t\t\t\t<\/div>\n\t\t\t\t<\/div>\n\t\t\t\t<div class=\"elementor-element elementor-element-ad657e5 elementor-widget elementor-widget-text-editor\" data-id=\"ad657e5\" data-element_type=\"widget\" data-e-type=\"widget\" data-widget_type=\"text-editor.default\">\n\t\t\t\t<div class=\"elementor-widget-container\">\n\t\t\t\t\t\t\t\t\t<p>Commoning: Redefining Commons of Civil Society and Civic Space<br \/><span style=\"color: #ef466e;\"><strong>31 Ekim 2025, 11:00 \u2013 12:30<\/strong><\/span><\/p>\t\t\t\t\t\t\t\t<\/div>\n\t\t\t\t<\/div>\n\t\t\t\t<div class=\"elementor-element elementor-element-cff6783 elementor-widget elementor-widget-loop-grid\" data-id=\"cff6783\" data-element_type=\"widget\" data-e-type=\"widget\" data-widget_type=\"loop-grid.default\">\n\t\t\t\t<div class=\"elementor-widget-container\">\n\t\t\t\t\t \t\t\t\t<\/div>\n\t\t\t\t<\/div>\n\t\t\t\t<div class=\"elementor-element elementor-element-0c0d644 elementor-widget-divider--view-line elementor-widget elementor-widget-divider\" data-id=\"0c0d644\" data-element_type=\"widget\" data-e-type=\"widget\" data-widget_type=\"divider.default\">\n\t\t\t\t<div class=\"elementor-widget-container\">\n\t\t\t\t\t\t\t<div class=\"elementor-divider\">\n\t\t\t<span class=\"elementor-divider-separator\">\n\t\t\t\t\t\t<\/span>\n\t\t<\/div>\n\t\t\t\t\t\t<\/div>\n\t\t\t\t<\/div>\n\t\t\t\t<div class=\"elementor-element elementor-element-2856091 elementor-widget elementor-widget-heading\" data-id=\"2856091\" data-element_type=\"widget\" data-e-type=\"widget\" data-widget_type=\"heading.default\">\n\t\t\t\t<div class=\"elementor-widget-container\">\n\t\t\t\t\t<h4 class=\"elementor-heading-title elementor-size-default\">Plenary Session-II Speakers\n\n\n<\/h4>\t\t\t\t<\/div>\n\t\t\t\t<\/div>\n\t\t\t\t<div class=\"elementor-element elementor-element-1e8d49a elementor-widget elementor-widget-text-editor\" data-id=\"1e8d49a\" data-element_type=\"widget\" data-e-type=\"widget\" data-widget_type=\"text-editor.default\">\n\t\t\t\t<div class=\"elementor-widget-container\">\n\t\t\t\t\t\t\t\t\t<p>Reclaiming \u201cTruth\u201d as a Common Good in the Age of Post-Truth\u00a0<\/p><p><span style=\"color: #ef466e;\"><strong>31 October 2025, 13:30 \u2013 15:00<\/strong><\/span><\/p>\t\t\t\t\t\t\t\t<\/div>\n\t\t\t\t<\/div>\n\t\t\t\t<div class=\"elementor-element elementor-element-1bbed44 elementor-widget elementor-widget-loop-grid\" data-id=\"1bbed44\" data-element_type=\"widget\" data-e-type=\"widget\" data-widget_type=\"loop-grid.default\">\n\t\t\t\t<div class=\"elementor-widget-container\">\n\t\t\t\t\t \t\t\t\t<\/div>\n\t\t\t\t<\/div>\n\t\t\t\t<div class=\"elementor-element elementor-element-0d1a8a4 elementor-widget-divider--view-line elementor-widget elementor-widget-divider\" data-id=\"0d1a8a4\" data-element_type=\"widget\" data-e-type=\"widget\" data-widget_type=\"divider.default\">\n\t\t\t\t<div class=\"elementor-widget-container\">\n\t\t\t\t\t\t\t<div class=\"elementor-divider\">\n\t\t\t<span class=\"elementor-divider-separator\">\n\t\t\t\t\t\t<\/span>\n\t\t<\/div>\n\t\t\t\t\t\t<\/div>\n\t\t\t\t<\/div>\n\t\t\t\t<div class=\"elementor-element elementor-element-969c008 elementor-widget elementor-widget-heading\" data-id=\"969c008\" data-element_type=\"widget\" data-e-type=\"widget\" data-widget_type=\"heading.default\">\n\t\t\t\t<div class=\"elementor-widget-container\">\n\t\t\t\t\t<h4 class=\"elementor-heading-title elementor-size-default\">Plenary Session-III Speakers\n\n\n<\/h4>\t\t\t\t<\/div>\n\t\t\t\t<\/div>\n\t\t\t\t<div class=\"elementor-element elementor-element-885f3c2 elementor-widget elementor-widget-text-editor\" data-id=\"885f3c2\" data-element_type=\"widget\" data-e-type=\"widget\" data-widget_type=\"text-editor.default\">\n\t\t\t\t<div class=\"elementor-widget-container\">\n\t\t\t\t\t\t\t\t\t<p>Democratic Backsliding, Illiberal Movements and Resistance Alternatives\u00a0<\/p><p><span style=\"color: #ef466e;\"><b>1 November 2025, 10:30 \u2013 12:00<\/b><\/span><\/p>\t\t\t\t\t\t\t\t<\/div>\n\t\t\t\t<\/div>\n\t\t\t\t<div class=\"elementor-element elementor-element-934f236 elementor-widget elementor-widget-loop-grid\" data-id=\"934f236\" data-element_type=\"widget\" data-e-type=\"widget\" data-widget_type=\"loop-grid.default\">\n\t\t\t\t<div class=\"elementor-widget-container\">\n\t\t\t\t\t \t\t\t\t<\/div>\n\t\t\t\t<\/div>\n\t\t\t\t\t<\/div>\n\t\t\t\t<\/div>\n\t\t<div class=\"elementor-element elementor-element-8f58af7 e-flex e-con-boxed elementor-invisible e-con e-parent\" data-id=\"8f58af7\" data-element_type=\"container\" data-e-type=\"container\" data-settings=\"{&quot;animation&quot;:&quot;fadeInUp&quot;,&quot;_ha_eqh_enable&quot;:false}\">\n\t\t\t\t\t<div class=\"e-con-inner\">\n\t\t\t\t<div class=\"elementor-element elementor-element-5cee4bf elementor-widget elementor-widget-heading\" data-id=\"5cee4bf\" data-element_type=\"widget\" data-e-type=\"widget\" data-widget_type=\"heading.default\">\n\t\t\t\t<div class=\"elementor-widget-container\">\n\t\t\t\t\t<h3 class=\"elementor-heading-title elementor-size-default\">CiviCon Venues<\/h3>\t\t\t\t<\/div>\n\t\t\t\t<\/div>\n\t\t\t\t<div class=\"elementor-element elementor-element-fd6b167 elementor-widget-divider--separator-type-pattern elementor-widget-divider--no-spacing elementor-widget-divider--view-line elementor-widget elementor-widget-divider\" data-id=\"fd6b167\" data-element_type=\"widget\" data-e-type=\"widget\" data-widget_type=\"divider.default\">\n\t\t\t\t<div class=\"elementor-widget-container\">\n\t\t\t\t\t\t\t<div class=\"elementor-divider\" style=\"--divider-pattern-url: url(&quot;data:image\/svg+xml,%3Csvg xmlns=&#039;http:\/\/www.w3.org\/2000\/svg&#039; preserveAspectRatio=&#039;xMidYMid meet&#039; overflow=&#039;visible&#039; height=&#039;100%&#039; viewBox=&#039;0 0 126 26&#039; fill=&#039;black&#039; stroke=&#039;none&#039;%3E%3Cpath d=&#039;M3,10.2c2.6,0,2.6,2,2.6,3.2S4.4,16.5,3,16.5s-3-1.4-3-3.2S0.4,10.2,3,10.2z M18.8,10.2c1.7,0,3.2,1.4,3.2,3.2s-1.4,3.2-3.2,3.2c-1.7,0-3.2-1.4-3.2-3.2S17,10.2,18.8,10.2z M34.6,10.2c1.5,0,2.6,1.4,2.6,3.2s-0.5,3.2-1.9,3.2c-1.5,0-3.4-1.4-3.4-3.2S33.1,10.2,34.6,10.2z M50.5,10.2c1.7,0,3.2,1.4,3.2,3.2s-1.4,3.2-3.2,3.2c-1.7,0-3.3-0.9-3.3-2.6S48.7,10.2,50.5,10.2z M66.2,10.2c1.5,0,3.4,1.4,3.4,3.2s-1.9,3.2-3.4,3.2c-1.5,0-2.6-0.4-2.6-2.1S64.8,10.2,66.2,10.2z M82.2,10.2c1.7,0.8,2.6,1.4,2.6,3.2s-0.1,3.2-1.6,3.2c-1.5,0-3.7-1.4-3.7-3.2S80.5,9.4,82.2,10.2zM98.6,10.2c1.5,0,2.6,0.4,2.6,2.1s-1.2,4.2-2.6,4.2c-1.5,0-3.7-0.4-3.7-2.1S97.1,10.2,98.6,10.2z M113.4,10.2c1.2,0,2.2,0.9,2.2,3.2s-0.1,3.2-1.3,3.2s-3.1-1.4-3.1-3.2S112.2,10.2,113.4,10.2z&#039;\/%3E%3C\/svg%3E&quot;);\">\n\t\t\t<span class=\"elementor-divider-separator\">\n\t\t\t\t\t\t<\/span>\n\t\t<\/div>\n\t\t\t\t\t\t<\/div>\n\t\t\t\t<\/div>\n\t\t\t\t<div class=\"elementor-element elementor-element-20e705d elementor-widget elementor-widget-google_maps\" data-id=\"20e705d\" data-element_type=\"widget\" data-e-type=\"widget\" data-widget_type=\"google_maps.default\">\n\t\t\t\t<div class=\"elementor-widget-container\">\n\t\t\t\t\t\t\t<div class=\"elementor-custom-embed\">\n\t\t\t<iframe loading=\"lazy\"\n\t\t\t\t\tsrc=\"https:\/\/maps.google.com\/maps?q=bedesten%2C%20k%C4%B1br%C4%B1s&#038;t=m&#038;z=10&#038;output=embed&#038;iwloc=near\"\n\t\t\t\t\ttitle=\"bedesten, k\u0131br\u0131s\"\n\t\t\t\t\taria-label=\"bedesten, k\u0131br\u0131s\"\n\t\t\t><\/iframe>\n\t\t<\/div>\n\t\t\t\t\t\t<\/div>\n\t\t\t\t<\/div>\n\t\t\t\t<div class=\"elementor-element elementor-element-cb9a2cd elementor-widget elementor-widget-text-editor\" data-id=\"cb9a2cd\" data-element_type=\"widget\" data-e-type=\"widget\" data-widget_type=\"text-editor.default\">\n\t\t\t\t<div class=\"elementor-widget-container\">\n\t\t\t\t\t\t\t\t\t<h4><strong>How to go?<\/strong><\/h4><p><strong>Bedesten <\/strong><a href=\"https:\/\/maps.app.goo.gl\/TFCPw5gkxvCHQWin9\" target=\"_blank\" rel=\"noopener\">https:\/\/maps.app.goo.gl\/TFCPw5gkxvCHQWin9<\/a><\/p><p><strong>Naci Talat Foundation <\/strong><a href=\"https:\/\/maps.app.goo.gl\/PcakBAFnrwwqRMjN8\" target=\"_blank\" rel=\"noopener\">https:\/\/maps.app.goo.gl\/PcakBAFnrwwqRMjN8<\/a><\/p><p><strong>R\u00fcstem Kitabevi <\/strong><a href=\"https:\/\/maps.app.goo.gl\/j7E8tCkDLAj6j8obA\" target=\"_blank\" rel=\"noopener\">https:\/\/maps.app.goo.gl\/j7E8tCkDLAj6j8obA<\/a><\/p><p><strong>Ledra Palace Hotel <\/strong><a href=\"https:\/\/maps.app.goo.gl\/jTuTEnakmAXe5BZG6\" target=\"_blank\" rel=\"noopener\">https:\/\/maps.app.goo.gl\/jTuTEnakmAXe5BZG6<\/a><\/p>\t\t\t\t\t\t\t\t<\/div>\n\t\t\t\t<\/div>\n\t\t\t\t\t<\/div>\n\t\t\t\t<\/div>\n\t\t<div class=\"elementor-element elementor-element-c884f4b e-flex e-con-boxed elementor-invisible e-con e-parent\" data-id=\"c884f4b\" data-element_type=\"container\" data-e-type=\"container\" data-settings=\"{&quot;animation&quot;:&quot;fadeInUp&quot;,&quot;_ha_eqh_enable&quot;:false}\">\n\t\t\t\t\t<div class=\"e-con-inner\">\n\t\t\t\t<div class=\"elementor-element elementor-element-4a1fde4 elementor-widget elementor-widget-heading\" data-id=\"4a1fde4\" data-element_type=\"widget\" data-e-type=\"widget\" data-widget_type=\"heading.default\">\n\t\t\t\t<div class=\"elementor-widget-container\">\n\t\t\t\t\t<h3 class=\"elementor-heading-title elementor-size-default\">Resources<\/h3>\t\t\t\t<\/div>\n\t\t\t\t<\/div>\n\t\t\t\t<div class=\"elementor-element elementor-element-43d8cd8 elementor-widget-divider--separator-type-pattern elementor-widget-divider--no-spacing elementor-widget-divider--view-line elementor-widget elementor-widget-divider\" data-id=\"43d8cd8\" data-element_type=\"widget\" data-e-type=\"widget\" data-widget_type=\"divider.default\">\n\t\t\t\t<div class=\"elementor-widget-container\">\n\t\t\t\t\t\t\t<div class=\"elementor-divider\" style=\"--divider-pattern-url: url(&quot;data:image\/svg+xml,%3Csvg xmlns=&#039;http:\/\/www.w3.org\/2000\/svg&#039; preserveAspectRatio=&#039;xMidYMid meet&#039; overflow=&#039;visible&#039; height=&#039;100%&#039; viewBox=&#039;0 0 126 26&#039; fill=&#039;black&#039; stroke=&#039;none&#039;%3E%3Cpath d=&#039;M3,10.2c2.6,0,2.6,2,2.6,3.2S4.4,16.5,3,16.5s-3-1.4-3-3.2S0.4,10.2,3,10.2z M18.8,10.2c1.7,0,3.2,1.4,3.2,3.2s-1.4,3.2-3.2,3.2c-1.7,0-3.2-1.4-3.2-3.2S17,10.2,18.8,10.2z M34.6,10.2c1.5,0,2.6,1.4,2.6,3.2s-0.5,3.2-1.9,3.2c-1.5,0-3.4-1.4-3.4-3.2S33.1,10.2,34.6,10.2z M50.5,10.2c1.7,0,3.2,1.4,3.2,3.2s-1.4,3.2-3.2,3.2c-1.7,0-3.3-0.9-3.3-2.6S48.7,10.2,50.5,10.2z M66.2,10.2c1.5,0,3.4,1.4,3.4,3.2s-1.9,3.2-3.4,3.2c-1.5,0-2.6-0.4-2.6-2.1S64.8,10.2,66.2,10.2z M82.2,10.2c1.7,0.8,2.6,1.4,2.6,3.2s-0.1,3.2-1.6,3.2c-1.5,0-3.7-1.4-3.7-3.2S80.5,9.4,82.2,10.2zM98.6,10.2c1.5,0,2.6,0.4,2.6,2.1s-1.2,4.2-2.6,4.2c-1.5,0-3.7-0.4-3.7-2.1S97.1,10.2,98.6,10.2z M113.4,10.2c1.2,0,2.2,0.9,2.2,3.2s-0.1,3.2-1.3,3.2s-3.1-1.4-3.1-3.2S112.2,10.2,113.4,10.2z&#039;\/%3E%3C\/svg%3E&quot;);\">\n\t\t\t<span class=\"elementor-divider-separator\">\n\t\t\t\t\t\t<\/span>\n\t\t<\/div>\n\t\t\t\t\t\t<\/div>\n\t\t\t\t<\/div>\n\t\t<div class=\"elementor-element elementor-element-eff19a3 e-con-full e-flex e-con e-child\" data-id=\"eff19a3\" data-element_type=\"container\" data-e-type=\"container\" data-settings=\"{&quot;_ha_eqh_enable&quot;:false}\">\n\t\t<div class=\"elementor-element elementor-element-8a081fb e-con-full e-flex e-con e-child\" data-id=\"8a081fb\" data-element_type=\"container\" data-e-type=\"container\" data-settings=\"{&quot;_ha_eqh_enable&quot;:false}\">\n\t\t\t\t<div class=\"elementor-element elementor-element-08a202a elementor-widget elementor-widget-ha-pdf-view happy-addon ha-pdf-view\" data-id=\"08a202a\" data-element_type=\"widget\" data-e-type=\"widget\" data-widget_type=\"ha-pdf-view.default\">\n\t\t\t\t<div class=\"elementor-widget-container\">\n\t\t\t\t\t        <div class=\"pdf_viewer_container\">\n            <div class=\"pdf_viewer_options viewer-08a202a\" data-pdf-settings=\"{&quot;unique_id&quot;:&quot;viewer-08a202a&quot;,&quot;pdf_url&quot;:&quot;https:\\\/\\\/civicspace.eu\\\/wp-content\\\/uploads\\\/2025\\\/10\\\/civicon-turkce-ajanda.pdf&quot;,&quot;file_type&quot;:&quot;url&quot;,&quot;page_number&quot;:&quot;1&quot;,&quot;width&quot;:&quot;98%&quot;,&quot;height&quot;:&quot;600px&quot;}\">\n\t\t\t\t<span class=\"ha-title-flex\">\n\t\t\t\t\t<span class=\"pdf-icon\">\n\t\t\t\t\t\t\t\t\t\t\t<\/span>\n\t\t\t\t\t<h2 class=\"ha-pdf-title\">CiviCon Kitap\u00e7\u0131\u011f\u0131<\/h2>\t\t\t\t<\/span>\n\t\t\t\t                <div class=\"pdf-button\">\n                                <\/div>\n            <\/div>\n\n\t\t\t<div>\n\t\t\t\t<div id=\"viewer-08a202a\"><\/div>\n\t\t\t<\/div>\n\n        <\/div>\n        \t\t\t\t<\/div>\n\t\t\t\t<\/div>\n\t\t\t\t<\/div>\n\t\t<div class=\"elementor-element elementor-element-2f62b98 e-con-full e-flex e-con e-child\" data-id=\"2f62b98\" data-element_type=\"container\" data-e-type=\"container\" data-settings=\"{&quot;_ha_eqh_enable&quot;:false}\">\n\t\t\t\t<div class=\"elementor-element elementor-element-d2347ef elementor-widget elementor-widget-ha-pdf-view happy-addon ha-pdf-view\" data-id=\"d2347ef\" data-element_type=\"widget\" data-e-type=\"widget\" data-widget_type=\"ha-pdf-view.default\">\n\t\t\t\t<div class=\"elementor-widget-container\">\n\t\t\t\t\t        <div class=\"pdf_viewer_container\">\n            <div class=\"pdf_viewer_options viewer-d2347ef\" data-pdf-settings=\"{&quot;unique_id&quot;:&quot;viewer-d2347ef&quot;,&quot;pdf_url&quot;:&quot;https:\\\/\\\/civicspace.eu\\\/wp-content\\\/uploads\\\/2025\\\/10\\\/CiviCon-Booklet-ENG.pdf&quot;,&quot;file_type&quot;:&quot;url&quot;,&quot;page_number&quot;:&quot;1&quot;,&quot;width&quot;:&quot;98%&quot;,&quot;height&quot;:&quot;600px&quot;}\">\n\t\t\t\t<span class=\"ha-title-flex\">\n\t\t\t\t\t<span class=\"pdf-icon\">\n\t\t\t\t\t\t\t\t\t\t\t<\/span>\n\t\t\t\t\t<h2 class=\"ha-pdf-title\">CiviCon Booklet<\/h2>\t\t\t\t<\/span>\n\t\t\t\t                <div class=\"pdf-button\">\n                                <\/div>\n            <\/div>\n\n\t\t\t<div>\n\t\t\t\t<div id=\"viewer-d2347ef\"><\/div>\n\t\t\t<\/div>\n\n        <\/div>\n        \t\t\t\t<\/div>\n\t\t\t\t<\/div>\n\t\t\t\t<\/div>\n\t\t\t\t<\/div>\n\t\t\t\t<div class=\"elementor-element elementor-element-7489ea9 elementor-widget elementor-widget-text-editor\" data-id=\"7489ea9\" data-element_type=\"widget\" data-e-type=\"widget\" data-widget_type=\"text-editor.default\">\n\t\t\t\t<div class=\"elementor-widget-container\">\n\t\t\t\t\t\t\t\t\t<p><a href=\"https:\/\/eprints.lse.ac.uk\/42621\/\"><span style=\"font-weight: 400;\">Civil society and the public sphere<\/span><\/a><span style=\"font-weight: 400;\">, Craig Calhoun (2011)<\/span><\/p><p><a href=\"https:\/\/amsacta.unibo.it\/7538\/1\/Sociologica%20Curated%20-%20Sociologists%20in%20Conversation%20Volume%201_copyright%20version.pdf\"><span style=\"font-weight: 400;\">Sociology and Its Public<\/span><\/a><span style=\"font-weight: 400;\">: Craig Calhoun in Conversation with Riccardo Emilio Chesta, by Craig Calhoun and Riccardo Emilio Chesta (2017)<\/span><\/p><p><a href=\"https:\/\/journals.openedition.org\/qds\/5110\"><span style=\"font-weight: 400;\">Social movements in the global era: from Seattle to the war in Ukraine<\/span><\/a><span style=\"font-weight: 400;\">. Interview with Donatella della Porta (2022)<\/span><\/p><p><a href=\"https:\/\/globaldialogue.isa-sociology.org\/articles\/the-pluralism-of-social-movement-studies\"><span style=\"font-weight: 400;\">The Pluralism of Social Movement Studies<\/span><\/a><span style=\"font-weight: 400;\">, bu Donatella della Porta (2016)<\/span><\/p><p><a href=\"about:blank\"><span style=\"font-weight: 400;\">Radicalization: A Relational Perspective<\/span><\/a><span style=\"font-weight: 400;\">, by Donatella della Porta (2018)<\/span><\/p><p><a href=\"https:\/\/www.bookfusion.com\/books\/146971-the-city-as-commons-a-policy-reader\"><span style=\"font-weight: 400;\">The City as Commons: A Policy Reader<\/span><\/a><span style=\"font-weight: 400;\">, edited by Jos\u00e9 Maria Ramos (2016)\u00a0<\/span><\/p><p><a href=\"https:\/\/greattransition.org\/gti-forum\/global-movement-whats-next-ramos\"><span style=\"font-weight: 400;\">The Laboratory of the Commons<\/span><\/a><span style=\"font-weight: 400;\">, by Jos\u00e9 Maria Ramos (2024)\u00a0<\/span><\/p><p><a href=\"https:\/\/pure.eur.nl\/en\/publications\/shakeholder-society-social-enterprises-citizens-and-collective-ac\"><span style=\"font-weight: 400;\">Shakeholder society? Social enterprises, citizens and collective action in the community economy<\/span><\/a><span style=\"font-weight: 400;\">, by Tine de Moor (2023)<\/span><\/p><p><a href=\"https:\/\/collective-action.info\/2023\/07\/21\/together-citizens-get-a-lot-done\/\"><span style=\"font-weight: 400;\">Together, Citizens Get a lot Done<\/span><\/a><span style=\"font-weight: 400;\">, Tine de Moor (2023)<\/span><\/p><p><a href=\"https:\/\/research.gold.ac.uk\/37779\/1\/Fugitive%20Truth%20%20Renewing%20the%20Public%20Sphere%20in%20the%20Age%20of%20Post-Truth%20%281%29.pdf\"><span style=\"font-weight: 400;\">Fugitive Truth: Renewing the Public Sphere in the Age of Post-Truth<\/span><\/a><span style=\"font-weight: 400;\">, by Saul Newman (2024)<\/span><\/p><p><a href=\"https:\/\/research.gold.ac.uk\/27275\/1\/NewmanPostTruthPoliticalTheorydraftaccepted.pdf\"><span style=\"font-weight: 400;\">Post Truth and the Crisis of the Political<\/span><\/a><span style=\"font-weight: 400;\">, by Saul Newman (2019)<\/span><\/p><p><a href=\"https:\/\/www.researchgate.net\/publication\/321349278_The_citizen_in_the_smart_city_How_the_smart_city_could_transform_citizenship\"><span style=\"font-weight: 400;\">The citizen in the smart city. How the smart city could transform citizenship<\/span><\/a><span style=\"font-weight: 400;\">, by Martijn de Waal (2017)<\/span><\/p><p><a href=\"https:\/\/firstmonday.org\/ojs\/index.php\/fm\/article\/view\/4954\/3786\"><span style=\"font-weight: 400;\">Owning the city: new media and citizen engagement in urban design<\/span><\/a><span style=\"font-weight: 400;\">, co-authored by Martjin de Waal (2013)<\/span><\/p><p><a href=\"https:\/\/www.greeneuropeanjournal.eu\/beyond-the-square-the-legacy-of-the-15m-movement\/\"><span style=\"font-weight: 400;\">Beyond the Square: The Legacy of the 15-M Movement<\/span><\/a><span style=\"font-weight: 400;\">, by Cristina Flesher Fominaya (2022)<\/span><\/p><p><a href=\"https:\/\/www.psapopulism.org\/blog\/interviews\/cristina-flesher-fominaya\"><span style=\"font-weight: 400;\">Ten years after \u2018the squares\u2019: participation, institutionalisation and the right-wing backlash<\/span><\/a><span style=\"font-weight: 400;\">, interview with Cristina Flesher Fominaya (2022)<\/span><\/p><p><a href=\"https:\/\/www.prio.org\/publications\/14473\"><span style=\"font-weight: 400;\">From Isolation to Imitation: The \u201cDubaization\u201d of North Cyprus and the New Demography of a De Facto State<\/span><\/a><span style=\"font-weight: 400;\">, Mete Hatay (2025)<\/span><\/p><p><a href=\"https:\/\/www.researchgate.net\/publication\/351122323_Performing_Peace_Vernacular_Reconciliation_and_the_Diplomacy_of_Return_in_Cyprus\"><span style=\"font-weight: 400;\">Performing peace: Vernacular reconciliation and the diplomacy of return in Cyprus<\/span><\/a><span style=\"font-weight: 400;\">, co-authored by Mete Hatay (2020)<\/span><\/p><p><a href=\"https:\/\/www.researchgate.net\/publication\/331935651_Sexuality_gender_and_the_remaking_of_modernity_and_nationhood_in_Cyprus\"><span style=\"font-weight: 400;\">Sexuality, gender and the (re)making of modernity and nationhood in Cyprus<\/span><\/a><span style=\"font-weight: 400;\">, by Nayia Kamenou (2019)<\/span><\/p><p><a href=\"https:\/\/www.mdpi.com\/2076-0760\/12\/7\/419\"><span style=\"font-weight: 400;\">Queer in Cyprus? The LGBTIQ Movement, Normativity, and Resistance in a Changing (Trans)national Landscape<\/span><\/a><span style=\"font-weight: 400;\">, by Nayia Kamenou (2023)<\/span><\/p>\t\t\t\t\t\t\t\t<\/div>\n\t\t\t\t<\/div>\n\t\t\t\t\t<\/div>\n\t\t\t\t<\/div>\n\t\t<div class=\"elementor-element elementor-element-852ea0b e-flex e-con-boxed e-con e-parent\" data-id=\"852ea0b\" data-element_type=\"container\" data-e-type=\"container\" data-settings=\"{&quot;_ha_eqh_enable&quot;:false}\">\n\t\t\t\t\t<div class=\"e-con-inner\">\n\t\t\t\t<div class=\"elementor-element elementor-element-a47e587 elementor-align-center elementor-widget elementor-widget-button\" data-id=\"a47e587\" data-element_type=\"widget\" data-e-type=\"widget\" data-widget_type=\"button.default\">\n\t\t\t\t<div class=\"elementor-widget-container\">\n\t\t\t\t\t\t\t\t\t<div class=\"elementor-button-wrapper\">\n\t\t\t\t\t<a class=\"elementor-button elementor-button-link elementor-size-sm\" href=\"https:\/\/fb.me\/e\/7TxXpJEKQ\">\n\t\t\t\t\t\t<span class=\"elementor-button-content-wrapper\">\n\t\t\t\t\t\t\t\t\t<span class=\"elementor-button-text\">Facebook ve Instagramdan Takip Edin<\/span>\n\t\t\t\t\t<\/span>\n\t\t\t\t\t<\/a>\n\t\t\t\t<\/div>\n\t\t\t\t\t\t\t\t<\/div>\n\t\t\t\t<\/div>\n\t\t\t\t\t<\/div>\n\t\t\t\t<\/div>\n\t\t\t\t<\/div>","protected":false},"excerpt":{"rendered":"<p>31 Ekim \u2013 1 Kas\u0131m 2025 | Nicosia \/ Lefko\u015fa CiviCon 2025 sadece bir konferans de\u011fil; paneller, tart\u0131\u015fmalar, at\u00f6lyeler, tan\u0131\u015fma ve payla\u015fma f\u0131rsatlar\u0131yla sivil alan\u0131 hep birlikte yeniden hayal etmek&hellip;<\/p>","protected":false},"author":11,"featured_media":0,"parent":0,"menu_order":0,"comment_status":"closed","ping_status":"closed","template":"","meta":{"_acf_changed":false,"footnotes":""},"class_list":["post-11577","page","type-page","status-publish","hentry"],"acf":[],"_links":{"self":[{"href":"https:\/\/civicspace.eu\/en\/wp-json\/wp\/v2\/pages\/11577","targetHints":{"allow":["GET"]}}],"collection":[{"href":"https:\/\/civicspace.eu\/en\/wp-json\/wp\/v2\/pages"}],"about":[{"href":"https:\/\/civicspace.eu\/en\/wp-json\/wp\/v2\/types\/page"}],"author":[{"embeddable":true,"href":"https:\/\/civicspace.eu\/en\/wp-json\/wp\/v2\/users\/11"}],"replies":[{"embeddable":true,"href":"https:\/\/civicspace.eu\/en\/wp-json\/wp\/v2\/comments?post=11577"}],"version-history":[{"count":418,"href":"https:\/\/civicspace.eu\/en\/wp-json\/wp\/v2\/pages\/11577\/revisions"}],"predecessor-version":[{"id":12171,"href":"https:\/\/civicspace.eu\/en\/wp-json\/wp\/v2\/pages\/11577\/revisions\/12171"}],"wp:attachment":[{"href":"https:\/\/civicspace.eu\/en\/wp-json\/wp\/v2\/media?parent=11577"}],"curies":[{"name":"wp","href":"https:\/\/api.w.org\/{rel}","templated":true}]}}